{"id":631,"date":"2023-03-29T18:04:30","date_gmt":"2023-03-29T18:04:30","guid":{"rendered":"https:\/\/escenapart.cat\/escenapart\/"},"modified":"2023-12-05T09:29:48","modified_gmt":"2023-12-05T09:29:48","slug":"escenapart","status":"publish","type":"page","link":"https:\/\/escenapart.cat\/ca\/escenapart\/","title":{"rendered":"Escenapart"},"content":{"rendered":"<section class=\"l-section wpb_row us_custom_b7067431 height_large\"><div class=\"l-section-h i-cf\"><div class=\"g-cols vc_row via_flex valign_top type_default stacking_default\"><div class=\"vc_col-sm-12 wpb_column vc_column_container\"><div class=\"vc_column-inner\"><div class=\"wpb_wrapper\"><div class=\"g-cols wpb_row via_flex valign_top type_default stacking_default\"><div class=\"vc_col-sm-12 wpb_column vc_column_container\"><div class=\"vc_column-inner\"><div class=\"wpb_wrapper\"><div class=\"w-vwrapper us_custom_dc576010 breadcrumbs align_none valign_top\" style=\"--vwrapper-gap:0rem\"><span><span><a href=\"https:\/\/escenapart.cat\/ca\/inicio-catala\/\">Inici<\/a><\/span><\/span><\/div><h1 class=\"w-text us_custom_c44ab471 has_text_color\"><span url class=\"w-text-h\"><span class=\"w-text-value\">Escenapart<\/span><\/span><\/h1><\/div><\/div><\/div><\/div><\/div><\/div><\/div><\/div><\/div><\/section><section class=\"l-section wpb_row us_custom_f3f68ac4 height_large\"><div class=\"l-section-h i-cf\"><div class=\"g-cols vc_row via_flex valign_top type_default stacking_default\"><div class=\"vc_col-sm-12 wpb_column vc_column_container\"><div class=\"vc_column-inner\"><div class=\"wpb_wrapper\"><div class=\"w-grid type_grid layout_86 cols_4\" id=\"us_grid_1\" style=\"--gap:1rem;\"><style>@media (max-width:1380px){#us_grid_1 .w-grid-item{width:33.3333%}}@media (max-width:1024px){#us_grid_1 .w-grid-item{width:50%}}@media (max-width:600px){#us_grid_1 .w-grid-list{margin:0}#us_grid_1 .w-grid-item{width:100%;padding:0;margin-bottom:var(--gap,0px)}}.layout_86 .w-grid-item-h{}.layout_86 .usg_post_title_1{font-size:1rem!important;font-weight:500!important;text-transform:uppercase!important;margin-top:1rem!important}<\/style><div class=\"w-grid-list\">\t<div class=\"w-grid-item type_term term-107 term-mili-kk ratio_1x1\">\r\n\t\t<div class=\"w-grid-item-h\">\r\n\t\t\t\t\t\t<div class=\"w-post-elm post_custom_field usg_post_custom_field_1 type_image imagen_destacada has_ratio\"><a href=\"https:\/\/escenapart.cat\/ca\/grupos\/mili-kk\/\"><div style=\"padding-bottom:100%\"><\/div><img loading=\"lazy\" decoding=\"async\" width=\"1024\" height=\"576\" src=\"https:\/\/escenapart.cat\/wp-content\/uploads\/2026\/01\/Mili-KK-1024x576.jpeg\" class=\"attachment-large size-large\" alt=\"\" srcset=\"https:\/\/escenapart.cat\/wp-content\/uploads\/2026\/01\/Mili-KK-1024x576.jpeg 1024w, https:\/\/escenapart.cat\/wp-content\/uploads\/2026\/01\/Mili-KK-300x169.jpeg 300w, https:\/\/escenapart.cat\/wp-content\/uploads\/2026\/01\/Mili-KK.jpeg 1200w\" sizes=\"auto, (max-width: 1024px) 100vw, 1024px\" \/><\/a><\/div><h3 class=\"w-post-elm post_title usg_post_title_1 entry-title color_link_inherit\"><a href=\"https:\/\/escenapart.cat\/ca\/grupos\/mili-kk\/\">Mili KK<\/a><\/h3>\t\t<\/div>\r\n\t<\/div>\r\n\t<div class=\"w-grid-item type_term term-100 term-una-casa-en-la-montana-ca ratio_1x1\">\r\n\t\t<div class=\"w-grid-item-h\">\r\n\t\t\t\t\t\t<div class=\"w-post-elm post_custom_field usg_post_custom_field_1 type_image imagen_destacada has_ratio\"><a href=\"https:\/\/escenapart.cat\/ca\/grupos\/una-casa-en-la-montana-ca\/\"><div style=\"padding-bottom:100%\"><\/div><img loading=\"lazy\" decoding=\"async\" width=\"995\" height=\"611\" src=\"https:\/\/escenapart.cat\/wp-content\/uploads\/2025\/03\/casa-en-la-montana.jpg\" class=\"attachment-large size-large\" alt=\"\" srcset=\"https:\/\/escenapart.cat\/wp-content\/uploads\/2025\/03\/casa-en-la-montana.jpg 995w, https:\/\/escenapart.cat\/wp-content\/uploads\/2025\/03\/casa-en-la-montana-300x184.jpg 300w\" sizes=\"auto, (max-width: 995px) 100vw, 995px\" \/><\/a><\/div><h3 class=\"w-post-elm post_title usg_post_title_1 entry-title color_link_inherit\"><a href=\"https:\/\/escenapart.cat\/ca\/grupos\/una-casa-en-la-montana-ca\/\">Una casa en la monta\u00f1a<\/a><\/h3>\t\t<\/div>\r\n\t<\/div>\r\n\t<div class=\"w-grid-item type_term term-113 term-caure-tofall ratio_1x1\">\r\n\t\t<div class=\"w-grid-item-h\">\r\n\t\t\t\t\t\t<div class=\"w-post-elm post_custom_field usg_post_custom_field_1 type_image imagen_destacada has_ratio\"><a href=\"https:\/\/escenapart.cat\/ca\/grupos\/caure-tofall\/\"><div style=\"padding-bottom:100%\"><\/div><img loading=\"lazy\" decoding=\"async\" width=\"1024\" height=\"683\" src=\"https:\/\/escenapart.cat\/wp-content\/uploads\/2026\/01\/CAURE-1024x683.jpeg\" class=\"attachment-large size-large\" alt=\"\" srcset=\"https:\/\/escenapart.cat\/wp-content\/uploads\/2026\/01\/CAURE-1024x683.jpeg 1024w, https:\/\/escenapart.cat\/wp-content\/uploads\/2026\/01\/CAURE-300x200.jpeg 300w, https:\/\/escenapart.cat\/wp-content\/uploads\/2026\/01\/CAURE.jpeg 1600w\" sizes=\"auto, (max-width: 1024px) 100vw, 1024px\" \/><\/a><\/div><h3 class=\"w-post-elm post_title usg_post_title_1 entry-title color_link_inherit\"><a href=\"https:\/\/escenapart.cat\/ca\/grupos\/caure-tofall\/\">Caure\/To fall<\/a><\/h3>\t\t<\/div>\r\n\t<\/div>\r\n\t<div class=\"w-grid-item type_term term-50 term-cia-mea-culpa ratio_1x1\">\r\n\t\t<div class=\"w-grid-item-h\">\r\n\t\t\t\t\t\t<div class=\"w-post-elm post_custom_field usg_post_custom_field_1 type_image imagen_destacada has_ratio\"><a href=\"https:\/\/escenapart.cat\/ca\/grupos\/cia-mea-culpa\/\"><div style=\"padding-bottom:100%\"><\/div><img loading=\"lazy\" decoding=\"async\" width=\"768\" height=\"1024\" src=\"https:\/\/escenapart.cat\/wp-content\/uploads\/2023\/06\/CARTELL-NET-baixa-qualitat-copia-768x1024.jpg\" class=\"attachment-large size-large\" alt=\"\" srcset=\"https:\/\/escenapart.cat\/wp-content\/uploads\/2023\/06\/CARTELL-NET-baixa-qualitat-copia-768x1024.jpg 768w, https:\/\/escenapart.cat\/wp-content\/uploads\/2023\/06\/CARTELL-NET-baixa-qualitat-copia-225x300.jpg 225w, https:\/\/escenapart.cat\/wp-content\/uploads\/2023\/06\/CARTELL-NET-baixa-qualitat-copia-scaled.jpg 1920w\" sizes=\"auto, (max-width: 768px) 100vw, 768px\" \/><\/a><\/div><h3 class=\"w-post-elm post_title usg_post_title_1 entry-title color_link_inherit\"><a href=\"https:\/\/escenapart.cat\/ca\/grupos\/cia-mea-culpa\/\">Cia. Mea Culpa<\/a><\/h3>\t\t<\/div>\r\n\t<\/div>\r\n\t<div class=\"w-grid-item type_term term-109 term-el-piset ratio_1x1\">\r\n\t\t<div class=\"w-grid-item-h\">\r\n\t\t\t\t\t\t<div class=\"w-post-elm post_custom_field usg_post_custom_field_1 type_image imagen_destacada has_ratio\"><a href=\"https:\/\/escenapart.cat\/ca\/grupos\/el-piset\/\"><div style=\"padding-bottom:100%\"><\/div><img loading=\"lazy\" decoding=\"async\" width=\"1024\" height=\"683\" src=\"https:\/\/escenapart.cat\/wp-content\/uploads\/2026\/01\/el-piset-1-1024x683.jpeg\" class=\"attachment-large size-large\" alt=\"\" srcset=\"https:\/\/escenapart.cat\/wp-content\/uploads\/2026\/01\/el-piset-1-1024x683.jpeg 1024w, https:\/\/escenapart.cat\/wp-content\/uploads\/2026\/01\/el-piset-1-300x200.jpeg 300w, https:\/\/escenapart.cat\/wp-content\/uploads\/2026\/01\/el-piset-1.jpeg 1200w\" sizes=\"auto, (max-width: 1024px) 100vw, 1024px\" \/><\/a><\/div><h3 class=\"w-post-elm post_title usg_post_title_1 entry-title color_link_inherit\"><a href=\"https:\/\/escenapart.cat\/ca\/grupos\/el-piset\/\">El Piset<\/a><\/h3>\t\t<\/div>\r\n\t<\/div>\r\n\t<div class=\"w-grid-item type_term term-116 term-un-refugi-al-sol ratio_1x1\">\r\n\t\t<div class=\"w-grid-item-h\">\r\n\t\t\t\t\t\t<div class=\"w-post-elm post_custom_field usg_post_custom_field_1 type_image imagen_destacada has_ratio\"><a href=\"https:\/\/escenapart.cat\/ca\/grupos\/un-refugi-al-sol\/\"><div style=\"padding-bottom:100%\"><\/div><img loading=\"lazy\" decoding=\"async\" width=\"1024\" height=\"682\" src=\"https:\/\/escenapart.cat\/wp-content\/uploads\/2026\/01\/REFUGI-1024x682.jpg\" class=\"attachment-large size-large\" alt=\"\" srcset=\"https:\/\/escenapart.cat\/wp-content\/uploads\/2026\/01\/REFUGI-1024x682.jpg 1024w, https:\/\/escenapart.cat\/wp-content\/uploads\/2026\/01\/REFUGI-300x200.jpg 300w, https:\/\/escenapart.cat\/wp-content\/uploads\/2026\/01\/REFUGI.jpg 1600w\" sizes=\"auto, (max-width: 1024px) 100vw, 1024px\" \/><\/a><\/div><h3 class=\"w-post-elm post_title usg_post_title_1 entry-title color_link_inherit\"><a href=\"https:\/\/escenapart.cat\/ca\/grupos\/un-refugi-al-sol\/\">Un refugi al sol<\/a><\/h3>\t\t<\/div>\r\n\t<\/div>\r\n\t<div class=\"w-grid-item type_term term-119 term-allo-deliran ratio_1x1\">\r\n\t\t<div class=\"w-grid-item-h\">\r\n\t\t\t\t\t\t<div class=\"w-post-elm post_custom_field usg_post_custom_field_1 type_image imagen_destacada has_ratio\"><a href=\"https:\/\/escenapart.cat\/ca\/grupos\/allo-deliran\/\"><div style=\"padding-bottom:100%\"><\/div><img loading=\"lazy\" decoding=\"async\" width=\"1024\" height=\"683\" src=\"https:\/\/escenapart.cat\/wp-content\/uploads\/2026\/04\/4-1024x683.jpg\" class=\"attachment-large size-large\" alt=\"\" srcset=\"https:\/\/escenapart.cat\/wp-content\/uploads\/2026\/04\/4-1024x683.jpg 1024w, https:\/\/escenapart.cat\/wp-content\/uploads\/2026\/04\/4-300x200.jpg 300w\" sizes=\"auto, (max-width: 1024px) 100vw, 1024px\" \/><\/a><\/div><h3 class=\"w-post-elm post_title usg_post_title_1 entry-title color_link_inherit\"><a href=\"https:\/\/escenapart.cat\/ca\/grupos\/allo-deliran\/\">All\u00f2 de l&#8217;Iran<\/a><\/h3>\t\t<\/div>\r\n\t<\/div>\r\n\t<div class=\"w-grid-item type_term term-105 term-puig-antich ratio_1x1\">\r\n\t\t<div class=\"w-grid-item-h\">\r\n\t\t\t\t\t\t<div class=\"w-post-elm post_custom_field usg_post_custom_field_1 type_image imagen_destacada has_ratio\"><a href=\"https:\/\/escenapart.cat\/ca\/grupos\/puig-antich\/\"><div style=\"padding-bottom:100%\"><\/div><img loading=\"lazy\" decoding=\"async\" width=\"1024\" height=\"682\" src=\"https:\/\/escenapart.cat\/wp-content\/uploads\/2026\/01\/puig-antich-1-1024x682.jpeg\" class=\"attachment-large size-large\" alt=\"\" srcset=\"https:\/\/escenapart.cat\/wp-content\/uploads\/2026\/01\/puig-antich-1-1024x682.jpeg 1024w, https:\/\/escenapart.cat\/wp-content\/uploads\/2026\/01\/puig-antich-1-300x200.jpeg 300w, https:\/\/escenapart.cat\/wp-content\/uploads\/2026\/01\/puig-antich-1.jpeg 1600w\" sizes=\"auto, (max-width: 1024px) 100vw, 1024px\" \/><\/a><\/div><h3 class=\"w-post-elm post_title usg_post_title_1 entry-title color_link_inherit\"><a href=\"https:\/\/escenapart.cat\/ca\/grupos\/puig-antich\/\">Puig Antich, cas obert<\/a><\/h3>\t\t<\/div>\r\n\t<\/div>\r\n\t<div class=\"w-grid-item type_term term-51 term-la-calorica ratio_1x1\">\r\n\t\t<div class=\"w-grid-item-h\">\r\n\t\t\t\t\t\t<div class=\"w-post-elm post_custom_field usg_post_custom_field_1 type_image imagen_destacada has_ratio\"><a href=\"https:\/\/escenapart.cat\/ca\/grupos\/la-calorica\/\"><div style=\"padding-bottom:100%\"><\/div><img loading=\"lazy\" decoding=\"async\" width=\"1024\" height=\"684\" src=\"https:\/\/escenapart.cat\/wp-content\/uploads\/2023\/05\/lacalorica-1024x684.jpg\" class=\"attachment-large size-large\" alt=\"\" srcset=\"https:\/\/escenapart.cat\/wp-content\/uploads\/2023\/05\/lacalorica-1024x684.jpg 1024w, https:\/\/escenapart.cat\/wp-content\/uploads\/2023\/05\/lacalorica-300x200.jpg 300w, https:\/\/escenapart.cat\/wp-content\/uploads\/2023\/05\/lacalorica.jpg 1200w\" sizes=\"auto, (max-width: 1024px) 100vw, 1024px\" \/><\/a><\/div><h3 class=\"w-post-elm post_title usg_post_title_1 entry-title color_link_inherit\"><a href=\"https:\/\/escenapart.cat\/ca\/grupos\/la-calorica\/\">La Cal\u00f2rica<\/a><\/h3>\t\t<\/div>\r\n\t<\/div>\r\n\t<div class=\"w-grid-item type_term term-53 term-cia-indi-gest ratio_1x1\">\r\n\t\t<div class=\"w-grid-item-h\">\r\n\t\t\t\t\t\t<div class=\"w-post-elm post_custom_field usg_post_custom_field_1 type_image imagen_destacada has_ratio\"><a href=\"https:\/\/escenapart.cat\/ca\/grupos\/cia-indi-gest\/\"><div style=\"padding-bottom:100%\"><\/div><img loading=\"lazy\" decoding=\"async\" width=\"600\" height=\"400\" src=\"https:\/\/escenapart.cat\/wp-content\/uploads\/2023\/07\/EU_web_13-600x400-1.jpg\" class=\"attachment-large size-large\" alt=\"\" srcset=\"https:\/\/escenapart.cat\/wp-content\/uploads\/2023\/07\/EU_web_13-600x400-1.jpg 600w, https:\/\/escenapart.cat\/wp-content\/uploads\/2023\/07\/EU_web_13-600x400-1-300x200.jpg 300w\" sizes=\"auto, (max-width: 600px) 100vw, 600px\" \/><\/a><\/div><h3 class=\"w-post-elm post_title usg_post_title_1 entry-title color_link_inherit\"><a href=\"https:\/\/escenapart.cat\/ca\/grupos\/cia-indi-gest\/\">Cia. Indi Gest<\/a><\/h3>\t\t<\/div>\r\n\t<\/div>\r\n\t<div class=\"w-grid-item type_term term-60 term-alex-rigola-heartbreak-hotel ratio_1x1\">\r\n\t\t<div class=\"w-grid-item-h\">\r\n\t\t\t\t\t\t<div class=\"w-post-elm post_custom_field usg_post_custom_field_1 type_image imagen_destacada has_ratio\"><a href=\"https:\/\/escenapart.cat\/ca\/grupos\/alex-rigola-heartbreak-hotel\/\"><div style=\"padding-bottom:100%\"><\/div><img loading=\"lazy\" decoding=\"async\" width=\"1024\" height=\"576\" src=\"https:\/\/escenapart.cat\/wp-content\/uploads\/2023\/12\/alex-rigola-k1J-1240x698@abc-1024x576.jpeg\" class=\"attachment-large size-large\" alt=\"\" srcset=\"https:\/\/escenapart.cat\/wp-content\/uploads\/2023\/12\/alex-rigola-k1J-1240x698@abc-1024x576.jpeg 1024w, https:\/\/escenapart.cat\/wp-content\/uploads\/2023\/12\/alex-rigola-k1J-1240x698@abc-300x169.jpeg 300w, https:\/\/escenapart.cat\/wp-content\/uploads\/2023\/12\/alex-rigola-k1J-1240x698@abc.jpeg 1240w\" sizes=\"auto, (max-width: 1024px) 100vw, 1024px\" \/><\/a><\/div><h3 class=\"w-post-elm post_title usg_post_title_1 entry-title color_link_inherit\"><a href=\"https:\/\/escenapart.cat\/ca\/grupos\/alex-rigola-heartbreak-hotel\/\">\u00c0lex Rigola &#8211; Heartbreak Hotel<\/a><\/h3>\t\t<\/div>\r\n\t<\/div>\r\n\t<div class=\"w-grid-item type_term term-59 term-cia-duo-facil ratio_1x1\">\r\n\t\t<div class=\"w-grid-item-h\">\r\n\t\t\t\t\t\t<div class=\"w-post-elm post_custom_field usg_post_custom_field_1 type_image imagen_destacada has_ratio\"><a href=\"https:\/\/escenapart.cat\/ca\/grupos\/cia-duo-facil\/\"><div style=\"padding-bottom:100%\"><\/div><img loading=\"lazy\" decoding=\"async\" width=\"1024\" height=\"682\" src=\"https:\/\/escenapart.cat\/wp-content\/uploads\/2024\/03\/Imagen1-1024x682.jpg\" class=\"attachment-large size-large\" alt=\"\" srcset=\"https:\/\/escenapart.cat\/wp-content\/uploads\/2024\/03\/Imagen1-1024x682.jpg 1024w, https:\/\/escenapart.cat\/wp-content\/uploads\/2024\/03\/Imagen1-300x200.jpg 300w, https:\/\/escenapart.cat\/wp-content\/uploads\/2024\/03\/Imagen1.jpg 1772w\" sizes=\"auto, (max-width: 1024px) 100vw, 1024px\" \/><\/a><\/div><h3 class=\"w-post-elm post_title usg_post_title_1 entry-title color_link_inherit\"><a href=\"https:\/\/escenapart.cat\/ca\/grupos\/cia-duo-facil\/\">Cia. D\u00fao F\u00e0cil<\/a><\/h3>\t\t<\/div>\r\n\t<\/div>\r\n\t<div class=\"w-grid-item type_term term-111 term-kathleen-hanna ratio_1x1\">\r\n\t\t<div class=\"w-grid-item-h\">\r\n\t\t\t\t\t\t<div class=\"w-post-elm post_custom_field usg_post_custom_field_1 type_image imagen_destacada has_ratio\"><a href=\"https:\/\/escenapart.cat\/ca\/grupos\/kathleen-hanna\/\"><div style=\"padding-bottom:100%\"><\/div><img loading=\"lazy\" decoding=\"async\" width=\"1024\" height=\"683\" src=\"https:\/\/escenapart.cat\/wp-content\/uploads\/2026\/01\/HANNA-1024x683.jpg\" class=\"attachment-large size-large\" alt=\"\" srcset=\"https:\/\/escenapart.cat\/wp-content\/uploads\/2026\/01\/HANNA-1024x683.jpg 1024w, https:\/\/escenapart.cat\/wp-content\/uploads\/2026\/01\/HANNA-300x200.jpg 300w, https:\/\/escenapart.cat\/wp-content\/uploads\/2026\/01\/HANNA.jpg 1200w\" sizes=\"auto, (max-width: 1024px) 100vw, 1024px\" \/><\/a><\/div><h3 class=\"w-post-elm post_title usg_post_title_1 entry-title color_link_inherit\"><a href=\"https:\/\/escenapart.cat\/ca\/grupos\/kathleen-hanna\/\">kathleen Hanna<\/a><\/h3>\t\t<\/div>\r\n\t<\/div>\r\n\t<div class=\"w-grid-item type_term term-64 term-la-moukhles-sentis-ca ratio_1x1\">\r\n\t\t<div class=\"w-grid-item-h\">\r\n\t\t\t\t\t\t<div class=\"w-post-elm post_custom_field usg_post_custom_field_1 type_image imagen_destacada has_ratio\"><a href=\"https:\/\/escenapart.cat\/ca\/grupos\/la-moukhles-sentis-ca\/\"><div style=\"padding-bottom:100%\"><\/div><img loading=\"lazy\" decoding=\"async\" width=\"870\" height=\"580\" src=\"https:\/\/escenapart.cat\/wp-content\/uploads\/2024\/06\/nodi_c_marc-sirisi_2.jpg-870x580-1.jpg\" class=\"attachment-large size-large\" alt=\"\" srcset=\"https:\/\/escenapart.cat\/wp-content\/uploads\/2024\/06\/nodi_c_marc-sirisi_2.jpg-870x580-1.jpg 870w, https:\/\/escenapart.cat\/wp-content\/uploads\/2024\/06\/nodi_c_marc-sirisi_2.jpg-870x580-1-300x200.jpg 300w\" sizes=\"auto, (max-width: 870px) 100vw, 870px\" \/><\/a><\/div><h3 class=\"w-post-elm post_title usg_post_title_1 entry-title color_link_inherit\"><a href=\"https:\/\/escenapart.cat\/ca\/grupos\/la-moukhles-sentis-ca\/\">La Moukhles &amp; Sent\u00eds<\/a><\/h3>\t\t<\/div>\r\n\t<\/div>\r\n\t<div class=\"w-grid-item type_term term-80 term-llogatera-ca ratio_1x1\">\r\n\t\t<div class=\"w-grid-item-h\">\r\n\t\t\t\t\t\t<div class=\"w-post-elm post_custom_field usg_post_custom_field_1 type_image imagen_destacada has_ratio\"><a href=\"https:\/\/escenapart.cat\/ca\/grupos\/llogatera-ca\/\"><div style=\"padding-bottom:100%\"><\/div><img loading=\"lazy\" decoding=\"async\" width=\"682\" height=\"1024\" src=\"https:\/\/escenapart.cat\/wp-content\/uploads\/2025\/07\/Imatge-de-WhatsApp-2025-07-17-a-les-10.00.12_9c375ed6-682x1024.jpg\" class=\"attachment-large size-large\" alt=\"\" srcset=\"https:\/\/escenapart.cat\/wp-content\/uploads\/2025\/07\/Imatge-de-WhatsApp-2025-07-17-a-les-10.00.12_9c375ed6-682x1024.jpg 682w, https:\/\/escenapart.cat\/wp-content\/uploads\/2025\/07\/Imatge-de-WhatsApp-2025-07-17-a-les-10.00.12_9c375ed6-200x300.jpg 200w, https:\/\/escenapart.cat\/wp-content\/uploads\/2025\/07\/Imatge-de-WhatsApp-2025-07-17-a-les-10.00.12_9c375ed6.jpg 1066w\" sizes=\"auto, (max-width: 682px) 100vw, 682px\" \/><\/a><\/div><h3 class=\"w-post-elm post_title usg_post_title_1 entry-title color_link_inherit\"><a href=\"https:\/\/escenapart.cat\/ca\/grupos\/llogatera-ca\/\">Llogatera<\/a><\/h3>\t\t<\/div>\r\n\t<\/div>\r\n\t<div class=\"w-grid-item type_term term-85 term-els-malvats-ca ratio_1x1\">\r\n\t\t<div class=\"w-grid-item-h\">\r\n\t\t\t\t\t\t<div class=\"w-post-elm post_custom_field usg_post_custom_field_1 type_image imagen_destacada has_ratio\"><a href=\"https:\/\/escenapart.cat\/ca\/grupos\/els-malvats-ca\/\"><div style=\"padding-bottom:100%\"><\/div><img loading=\"lazy\" decoding=\"async\" width=\"755\" height=\"1024\" src=\"https:\/\/escenapart.cat\/wp-content\/uploads\/2026\/01\/malvats-1-755x1024.jpeg\" class=\"attachment-large size-large\" alt=\"\" srcset=\"https:\/\/escenapart.cat\/wp-content\/uploads\/2026\/01\/malvats-1-755x1024.jpeg 755w, https:\/\/escenapart.cat\/wp-content\/uploads\/2026\/01\/malvats-1-221x300.jpeg 221w, https:\/\/escenapart.cat\/wp-content\/uploads\/2026\/01\/malvats-1.jpeg 1080w\" sizes=\"auto, (max-width: 755px) 100vw, 755px\" \/><\/a><\/div><h3 class=\"w-post-elm post_title usg_post_title_1 entry-title color_link_inherit\"><a href=\"https:\/\/escenapart.cat\/ca\/grupos\/els-malvats-ca\/\">Els Malvats<\/a><\/h3>\t\t<\/div>\r\n\t<\/div>\r\n\t<div class=\"w-grid-item type_term term-83 term-no-ho-hauria-de-fer-ca ratio_1x1\">\r\n\t\t<div class=\"w-grid-item-h\">\r\n\t\t\t\t\t\t<div class=\"w-post-elm post_custom_field usg_post_custom_field_1 type_image imagen_destacada has_ratio\"><a href=\"https:\/\/escenapart.cat\/ca\/grupos\/no-ho-hauria-de-fer-ca\/\"><div style=\"padding-bottom:100%\"><\/div><img loading=\"lazy\" decoding=\"async\" width=\"492\" height=\"292\" src=\"https:\/\/escenapart.cat\/wp-content\/uploads\/2025\/03\/roger-coma.jpg\" class=\"attachment-large size-large\" alt=\"\" srcset=\"https:\/\/escenapart.cat\/wp-content\/uploads\/2025\/03\/roger-coma.jpg 492w, https:\/\/escenapart.cat\/wp-content\/uploads\/2025\/03\/roger-coma-300x178.jpg 300w\" sizes=\"auto, (max-width: 492px) 100vw, 492px\" \/><\/a><\/div><h3 class=\"w-post-elm post_title usg_post_title_1 entry-title color_link_inherit\"><a href=\"https:\/\/escenapart.cat\/ca\/grupos\/no-ho-hauria-de-fer-ca\/\">Roger Coma<\/a><\/h3>\t\t<\/div>\r\n\t<\/div>\r\n\t<div class=\"w-grid-item type_term term-90 term-important-es-participar-ca ratio_1x1\">\r\n\t\t<div class=\"w-grid-item-h\">\r\n\t\t\t\t\t\t<div class=\"w-post-elm post_custom_field usg_post_custom_field_1 type_image imagen_destacada has_ratio\"><a href=\"https:\/\/escenapart.cat\/ca\/grupos\/important-es-participar-ca\/\"><div style=\"padding-bottom:100%\"><\/div><img loading=\"lazy\" decoding=\"async\" width=\"1019\" height=\"641\" src=\"https:\/\/escenapart.cat\/wp-content\/uploads\/2025\/03\/LIMPORTANT.jpg\" class=\"attachment-large size-large\" alt=\"\" srcset=\"https:\/\/escenapart.cat\/wp-content\/uploads\/2025\/03\/LIMPORTANT.jpg 1019w, https:\/\/escenapart.cat\/wp-content\/uploads\/2025\/03\/LIMPORTANT-300x189.jpg 300w\" sizes=\"auto, (max-width: 1019px) 100vw, 1019px\" \/><\/a><\/div><h3 class=\"w-post-elm post_title usg_post_title_1 entry-title color_link_inherit\"><a href=\"https:\/\/escenapart.cat\/ca\/grupos\/important-es-participar-ca\/\">L&#8217;important \u00e9s participar<\/a><\/h3>\t\t<\/div>\r\n\t<\/div>\r\n<\/div><div class=\"w-grid-preloader\"><div class=\"g-preloader type_1\">\r\n\t<div><\/div>\r\n<\/div>\r\n<\/div>\t<div class=\"w-grid-json hidden\" onclick='return {&quot;action&quot;:&quot;us_ajax_grid&quot;,&quot;ajax_url&quot;:&quot;https:\\\/\\\/escenapart.cat\\\/wp-admin\\\/admin-ajax.php&quot;,&quot;infinite_scroll&quot;:0,&quot;max_num_pages&quot;:0,&quot;pagination&quot;:&quot;none&quot;,&quot;permalink_url&quot;:&quot;https:\\\/\\\/escenapart.cat\\\/ca\\\/wp-json\\\/wp\\\/v2\\\/pages\\\/631\\\/&quot;,&quot;template_vars&quot;:{&quot;columns&quot;:&quot;4&quot;,&quot;exclude_items&quot;:&quot;none&quot;,&quot;img_size&quot;:&quot;default&quot;,&quot;ignore_items_size&quot;:0,&quot;items_layout&quot;:&quot;86&quot;,&quot;items_offset&quot;:&quot;1&quot;,&quot;load_animation&quot;:&quot;none&quot;,&quot;overriding_link&quot;:&quot;{\\&quot;url\\&quot;:\\&quot;\\&quot;}&quot;,&quot;post_id&quot;:0,&quot;query_args&quot;:false,&quot;orderby_query_args&quot;:{&quot;orderby&quot;:{&quot;date&quot;:&quot;DESC&quot;}},&quot;type&quot;:&quot;grid&quot;,&quot;us_grid_ajax_index&quot;:1,&quot;us_grid_filter_params&quot;:null,&quot;us_grid_index&quot;:1,&quot;_us_grid_post_type&quot;:&quot;taxonomy_terms&quot;,&quot;page_args&quot;:[],&quot;lang&quot;:&quot;ca&quot;}}'><\/div>\r\n\t<\/div><\/div><\/div><\/div><\/div><\/div><\/section>\n","protected":false},"excerpt":{"rendered":"IniciEscenapart Mili KK Una casa en la monta\u00f1a Caure\/To fall Cia. Mea Culpa El Piset Un refugi al sol All\u00f2 de l&#8217;Iran Puig Antich, cas obert La Cal\u00f2rica Cia. Indi Gest \u00c0lex Rigola &#8211; Heartbreak Hotel Cia. D\u00fao F\u00e0cil kathleen Hanna La Moukhles &amp; Sent\u00eds Llogatera Els Malvats Roger Coma L&#8217;important \u00e9s participar","protected":false},"author":1,"featured_media":0,"parent":0,"menu_order":0,"comment_status":"closed","ping_status":"closed","template":"","meta":{"footnotes":""},"class_list":["post-631","page","type-page","status-publish","hentry"],"acf":[],"_links":{"self":[{"href":"https:\/\/escenapart.cat\/ca\/wp-json\/wp\/v2\/pages\/631","targetHints":{"allow":["GET"]}}],"collection":[{"href":"https:\/\/escenapart.cat\/ca\/wp-json\/wp\/v2\/pages"}],"about":[{"href":"https:\/\/escenapart.cat\/ca\/wp-json\/wp\/v2\/types\/page"}],"author":[{"embeddable":true,"href":"https:\/\/escenapart.cat\/ca\/wp-json\/wp\/v2\/users\/1"}],"replies":[{"embeddable":true,"href":"https:\/\/escenapart.cat\/ca\/wp-json\/wp\/v2\/comments?post=631"}],"version-history":[{"count":2,"href":"https:\/\/escenapart.cat\/ca\/wp-json\/wp\/v2\/pages\/631\/revisions"}],"predecessor-version":[{"id":734,"href":"https:\/\/escenapart.cat\/ca\/wp-json\/wp\/v2\/pages\/631\/revisions\/734"}],"wp:attachment":[{"href":"https:\/\/escenapart.cat\/ca\/wp-json\/wp\/v2\/media?parent=631"}],"curies":[{"name":"wp","href":"https:\/\/api.w.org\/{rel}","templated":true}]}}