{"id":377,"date":"2023-03-29T18:04:21","date_gmt":"2023-03-29T18:04:21","guid":{"rendered":"https:\/\/escena.makkao.es\/inicio-catala\/"},"modified":"2024-07-17T08:15:41","modified_gmt":"2024-07-17T08:15:41","slug":"inicio-catala","status":"publish","type":"page","link":"https:\/\/escenapart.cat\/ca\/","title":{"rendered":"Inici"},"content":{"rendered":"<section class=\"l-section wpb_row height_huge with_img\"><div class=\"l-section-img\" role=\"img\" data-img-width=\"2248\" data-img-height=\"1009\" style=\"background-image: url(https:\/\/escenapart.cat\/wp-content\/uploads\/2023\/12\/escenaapart_dot_cat-v2penjar4.jpg);background-position: top center;background-repeat: no-repeat;\"><\/div><div class=\"l-section-overlay\" style=\"background:linear-gradient(90deg,rgba(30,30,30,0.62646484375),rgba(0,0,0,0))\"><\/div><div class=\"l-section-h i-cf\"><div class=\"g-cols vc_row via_flex valign_top type_default stacking_default\"><div class=\"vc_col-sm-4 wpb_column vc_column_container\"><div class=\"vc_column-inner\"><div class=\"wpb_wrapper\"><div class=\"w-text us_custom_e3d4996d has_text_color\"><span url class=\"w-text-h\"><span class=\"w-text-value\">Passi\u00f3 pels escenaris<\/span><\/span><\/div><p class=\"w-text us_custom_2b01e5d9 has_text_color\"><span url class=\"w-text-h\"><span class=\"w-text-value\">Management d&#039;artistes i producci\u00f3 de m\u00fasica i arts esc\u00e8niques.<\/span><\/span><\/p><div class=\"w-btn-wrapper align_none\"><a class=\"w-btn us-btn-style_1\" href=\"https:\/\/escenapart.cat\/contacto\/\"><span class=\"w-btn-label\">Contacta<\/span><\/a><\/div><\/div><\/div><\/div><\/div><\/div><\/section><section class=\"l-section wpb_row us_custom_2ac6c4a9 hide_on_tablets hide_on_mobiles height_auto width_full\"><div class=\"l-section-h i-cf\"><div class=\"g-cols vc_row via_flex valign_top type_default stacking_default\"><div class=\"vc_col-sm-12 wpb_column vc_column_container\"><div class=\"vc_column-inner\"><div class=\"wpb_wrapper\"><div class=\"w-image us_custom_2b393715 forma-triangulo align_right\"><div url class=\"w-image-h\"><img loading=\"lazy\" decoding=\"async\" width=\"552\" height=\"678\" src=\"https:\/\/escenapart.cat\/wp-content\/uploads\/2023\/04\/escena-sello-1.png\" class=\"attachment-full size-full\" alt=\"\" srcset=\"https:\/\/escenapart.cat\/wp-content\/uploads\/2023\/04\/escena-sello-1.png 552w, https:\/\/escenapart.cat\/wp-content\/uploads\/2023\/04\/escena-sello-1-244x300.png 244w\" sizes=\"auto, (max-width: 552px) 100vw, 552px\" \/><\/div><\/div><\/div><\/div><\/div><\/div><\/div><\/section><section class=\"l-section wpb_row hide_on_mobiles height_auto\"><div class=\"l-section-h i-cf\"><div class=\"g-cols vc_row via_flex valign_top type_default stacking_default\"><div class=\"vc_col-sm-12 wpb_column vc_column_container\"><div class=\"vc_column-inner\"><div class=\"wpb_wrapper\"><div class=\"g-cols wpb_row via_flex valign_top type_default\"><div class=\"vc_col-sm-6 wpb_column vc_column_container\"><div class=\"vc_column-inner us_custom_f03ee871\"><div class=\"wpb_wrapper\"><div class=\"w-text us_custom_e14dafc2 has_text_color\"><a href=\"#escenapart\" class=\"w-text-h\"><span class=\"w-text-value\">Escenapart<\/span><\/a><\/div><\/div><\/div><\/div><div class=\"vc_col-sm-6 wpb_column vc_column_container\"><div class=\"vc_column-inner us_custom_96132d82\"><div class=\"wpb_wrapper\"><div class=\"w-text us_custom_df75f98f has_text_color\"><a href=\"#escenamusic\" class=\"w-text-h\"><span class=\"w-text-value\">Escenamusic<\/span><\/a><\/div><\/div><\/div><\/div><\/div><\/div><\/div><\/div><\/div><\/div><\/section><section class=\"l-section wpb_row us_custom_fa919657 height_medium\" id=\"escenapart\"><div class=\"l-section-h i-cf\"><div class=\"g-cols vc_row via_flex valign_top type_default stacking_default\"><div class=\"vc_col-sm-12 wpb_column vc_column_container\"><div class=\"vc_column-inner\"><div class=\"wpb_wrapper\"><div class=\"g-cols wpb_row via_flex valign_top type_default stacking_default\"><div class=\"vc_col-sm-12 wpb_column vc_column_container\"><div class=\"vc_column-inner\"><div class=\"wpb_wrapper\"><div class=\"w-image us_custom_4e37f0ed align_none\"><div url class=\"w-image-h\"><img loading=\"lazy\" decoding=\"async\" width=\"503\" height=\"107\" src=\"https:\/\/escenapart.cat\/wp-content\/uploads\/2023\/04\/logo-escenapart.jpg\" class=\"attachment-full size-full\" alt=\"\" srcset=\"https:\/\/escenapart.cat\/wp-content\/uploads\/2023\/04\/logo-escenapart.jpg 503w, https:\/\/escenapart.cat\/wp-content\/uploads\/2023\/04\/logo-escenapart-300x64.jpg 300w\" sizes=\"auto, (max-width: 503px) 100vw, 503px\" \/><\/div><\/div><div class=\"w-grid us_custom_10679678 type_grid layout_86 cols_4\" id=\"us_grid_1\" style=\"--gap:0.6rem;\"><style>@media (max-width:1024px){#us_grid_1 .w-grid-item{width:50%}}@media (max-width:600px){#us_grid_1 .w-grid-list{margin:0}#us_grid_1 .w-grid-item{width:100%;padding:0;margin-bottom:var(--gap,0px)}}.layout_86 .w-grid-item-h{}.layout_86 .usg_post_title_1{font-size:1rem!important;font-weight:500!important;text-transform:uppercase!important;margin-top:1rem!important}<\/style><div class=\"w-grid-list\">\t<div class=\"w-grid-item type_term term-60 term-alex-rigola-heartbreak-hotel ratio_1x1\">\r\n\t\t<div class=\"w-grid-item-h\">\r\n\t\t\t\t\t\t<div class=\"w-post-elm post_custom_field usg_post_custom_field_1 type_image imagen_destacada has_ratio\"><a href=\"https:\/\/escenapart.cat\/ca\/grupos\/alex-rigola-heartbreak-hotel\/\"><div style=\"padding-bottom:100%\"><\/div><img loading=\"lazy\" decoding=\"async\" width=\"1024\" height=\"576\" src=\"https:\/\/escenapart.cat\/wp-content\/uploads\/2023\/12\/alex-rigola-k1J-1240x698@abc-1024x576.jpeg\" class=\"attachment-large size-large\" alt=\"\" srcset=\"https:\/\/escenapart.cat\/wp-content\/uploads\/2023\/12\/alex-rigola-k1J-1240x698@abc-1024x576.jpeg 1024w, https:\/\/escenapart.cat\/wp-content\/uploads\/2023\/12\/alex-rigola-k1J-1240x698@abc-300x169.jpeg 300w, https:\/\/escenapart.cat\/wp-content\/uploads\/2023\/12\/alex-rigola-k1J-1240x698@abc.jpeg 1240w\" sizes=\"auto, (max-width: 1024px) 100vw, 1024px\" \/><\/a><\/div><h3 class=\"w-post-elm post_title usg_post_title_1 entry-title color_link_inherit\"><a href=\"https:\/\/escenapart.cat\/ca\/grupos\/alex-rigola-heartbreak-hotel\/\">\u00c0lex Rigola &#8211; Heartbreak Hotel<\/a><\/h3>\t\t<\/div>\r\n\t<\/div>\r\n\t<div class=\"w-grid-item type_term term-59 term-cia-duo-facil ratio_1x1\">\r\n\t\t<div class=\"w-grid-item-h\">\r\n\t\t\t\t\t\t<div class=\"w-post-elm post_custom_field usg_post_custom_field_1 type_image imagen_destacada has_ratio\"><a href=\"https:\/\/escenapart.cat\/ca\/grupos\/cia-duo-facil\/\"><div style=\"padding-bottom:100%\"><\/div><img loading=\"lazy\" decoding=\"async\" width=\"1024\" height=\"682\" src=\"https:\/\/escenapart.cat\/wp-content\/uploads\/2024\/03\/Imagen1-1024x682.jpg\" class=\"attachment-large size-large\" alt=\"\" srcset=\"https:\/\/escenapart.cat\/wp-content\/uploads\/2024\/03\/Imagen1-1024x682.jpg 1024w, https:\/\/escenapart.cat\/wp-content\/uploads\/2024\/03\/Imagen1-300x200.jpg 300w, https:\/\/escenapart.cat\/wp-content\/uploads\/2024\/03\/Imagen1.jpg 1772w\" sizes=\"auto, (max-width: 1024px) 100vw, 1024px\" \/><\/a><\/div><h3 class=\"w-post-elm post_title usg_post_title_1 entry-title color_link_inherit\"><a href=\"https:\/\/escenapart.cat\/ca\/grupos\/cia-duo-facil\/\">Cia. D\u00fao F\u00e0cil<\/a><\/h3>\t\t<\/div>\r\n\t<\/div>\r\n\t<div class=\"w-grid-item type_term term-111 term-kathleen-hanna ratio_1x1\">\r\n\t\t<div class=\"w-grid-item-h\">\r\n\t\t\t\t\t\t<div class=\"w-post-elm post_custom_field usg_post_custom_field_1 type_image imagen_destacada has_ratio\"><a href=\"https:\/\/escenapart.cat\/ca\/grupos\/kathleen-hanna\/\"><div style=\"padding-bottom:100%\"><\/div><img loading=\"lazy\" decoding=\"async\" width=\"1024\" height=\"683\" src=\"https:\/\/escenapart.cat\/wp-content\/uploads\/2026\/01\/HANNA-1024x683.jpg\" class=\"attachment-large size-large\" alt=\"\" srcset=\"https:\/\/escenapart.cat\/wp-content\/uploads\/2026\/01\/HANNA-1024x683.jpg 1024w, https:\/\/escenapart.cat\/wp-content\/uploads\/2026\/01\/HANNA-300x200.jpg 300w, https:\/\/escenapart.cat\/wp-content\/uploads\/2026\/01\/HANNA.jpg 1200w\" sizes=\"auto, (max-width: 1024px) 100vw, 1024px\" \/><\/a><\/div><h3 class=\"w-post-elm post_title usg_post_title_1 entry-title color_link_inherit\"><a href=\"https:\/\/escenapart.cat\/ca\/grupos\/kathleen-hanna\/\">kathleen Hanna<\/a><\/h3>\t\t<\/div>\r\n\t<\/div>\r\n\t<div class=\"w-grid-item type_term term-64 term-la-moukhles-sentis-ca ratio_1x1\">\r\n\t\t<div class=\"w-grid-item-h\">\r\n\t\t\t\t\t\t<div class=\"w-post-elm post_custom_field usg_post_custom_field_1 type_image imagen_destacada has_ratio\"><a href=\"https:\/\/escenapart.cat\/ca\/grupos\/la-moukhles-sentis-ca\/\"><div style=\"padding-bottom:100%\"><\/div><img loading=\"lazy\" decoding=\"async\" width=\"870\" height=\"580\" src=\"https:\/\/escenapart.cat\/wp-content\/uploads\/2024\/06\/nodi_c_marc-sirisi_2.jpg-870x580-1.jpg\" class=\"attachment-large size-large\" alt=\"\" srcset=\"https:\/\/escenapart.cat\/wp-content\/uploads\/2024\/06\/nodi_c_marc-sirisi_2.jpg-870x580-1.jpg 870w, https:\/\/escenapart.cat\/wp-content\/uploads\/2024\/06\/nodi_c_marc-sirisi_2.jpg-870x580-1-300x200.jpg 300w\" sizes=\"auto, (max-width: 870px) 100vw, 870px\" \/><\/a><\/div><h3 class=\"w-post-elm post_title usg_post_title_1 entry-title color_link_inherit\"><a href=\"https:\/\/escenapart.cat\/ca\/grupos\/la-moukhles-sentis-ca\/\">La Moukhles &amp; Sent\u00eds<\/a><\/h3>\t\t<\/div>\r\n\t<\/div>\r\n\t<div class=\"w-grid-item type_term term-80 term-llogatera-ca ratio_1x1\">\r\n\t\t<div class=\"w-grid-item-h\">\r\n\t\t\t\t\t\t<div class=\"w-post-elm post_custom_field usg_post_custom_field_1 type_image imagen_destacada has_ratio\"><a href=\"https:\/\/escenapart.cat\/ca\/grupos\/llogatera-ca\/\"><div style=\"padding-bottom:100%\"><\/div><img loading=\"lazy\" decoding=\"async\" width=\"682\" height=\"1024\" src=\"https:\/\/escenapart.cat\/wp-content\/uploads\/2025\/07\/Imatge-de-WhatsApp-2025-07-17-a-les-10.00.12_9c375ed6-682x1024.jpg\" class=\"attachment-large size-large\" alt=\"\" srcset=\"https:\/\/escenapart.cat\/wp-content\/uploads\/2025\/07\/Imatge-de-WhatsApp-2025-07-17-a-les-10.00.12_9c375ed6-682x1024.jpg 682w, https:\/\/escenapart.cat\/wp-content\/uploads\/2025\/07\/Imatge-de-WhatsApp-2025-07-17-a-les-10.00.12_9c375ed6-200x300.jpg 200w, https:\/\/escenapart.cat\/wp-content\/uploads\/2025\/07\/Imatge-de-WhatsApp-2025-07-17-a-les-10.00.12_9c375ed6.jpg 1066w\" sizes=\"auto, (max-width: 682px) 100vw, 682px\" \/><\/a><\/div><h3 class=\"w-post-elm post_title usg_post_title_1 entry-title color_link_inherit\"><a href=\"https:\/\/escenapart.cat\/ca\/grupos\/llogatera-ca\/\">Llogatera<\/a><\/h3>\t\t<\/div>\r\n\t<\/div>\r\n\t<div class=\"w-grid-item type_term term-85 term-els-malvats-ca ratio_1x1\">\r\n\t\t<div class=\"w-grid-item-h\">\r\n\t\t\t\t\t\t<div class=\"w-post-elm post_custom_field usg_post_custom_field_1 type_image imagen_destacada has_ratio\"><a href=\"https:\/\/escenapart.cat\/ca\/grupos\/els-malvats-ca\/\"><div style=\"padding-bottom:100%\"><\/div><img loading=\"lazy\" decoding=\"async\" width=\"755\" height=\"1024\" src=\"https:\/\/escenapart.cat\/wp-content\/uploads\/2026\/01\/malvats-1-755x1024.jpeg\" class=\"attachment-large size-large\" alt=\"\" srcset=\"https:\/\/escenapart.cat\/wp-content\/uploads\/2026\/01\/malvats-1-755x1024.jpeg 755w, https:\/\/escenapart.cat\/wp-content\/uploads\/2026\/01\/malvats-1-221x300.jpeg 221w, https:\/\/escenapart.cat\/wp-content\/uploads\/2026\/01\/malvats-1.jpeg 1080w\" sizes=\"auto, (max-width: 755px) 100vw, 755px\" \/><\/a><\/div><h3 class=\"w-post-elm post_title usg_post_title_1 entry-title color_link_inherit\"><a href=\"https:\/\/escenapart.cat\/ca\/grupos\/els-malvats-ca\/\">Els Malvats<\/a><\/h3>\t\t<\/div>\r\n\t<\/div>\r\n\t<div class=\"w-grid-item type_term term-83 term-no-ho-hauria-de-fer-ca ratio_1x1\">\r\n\t\t<div class=\"w-grid-item-h\">\r\n\t\t\t\t\t\t<div class=\"w-post-elm post_custom_field usg_post_custom_field_1 type_image imagen_destacada has_ratio\"><a href=\"https:\/\/escenapart.cat\/ca\/grupos\/no-ho-hauria-de-fer-ca\/\"><div style=\"padding-bottom:100%\"><\/div><img loading=\"lazy\" decoding=\"async\" width=\"492\" height=\"292\" src=\"https:\/\/escenapart.cat\/wp-content\/uploads\/2025\/03\/roger-coma.jpg\" class=\"attachment-large size-large\" alt=\"\" srcset=\"https:\/\/escenapart.cat\/wp-content\/uploads\/2025\/03\/roger-coma.jpg 492w, https:\/\/escenapart.cat\/wp-content\/uploads\/2025\/03\/roger-coma-300x178.jpg 300w\" sizes=\"auto, (max-width: 492px) 100vw, 492px\" \/><\/a><\/div><h3 class=\"w-post-elm post_title usg_post_title_1 entry-title color_link_inherit\"><a href=\"https:\/\/escenapart.cat\/ca\/grupos\/no-ho-hauria-de-fer-ca\/\">Roger Coma<\/a><\/h3>\t\t<\/div>\r\n\t<\/div>\r\n\t<div class=\"w-grid-item type_term term-90 term-important-es-participar-ca ratio_1x1\">\r\n\t\t<div class=\"w-grid-item-h\">\r\n\t\t\t\t\t\t<div class=\"w-post-elm post_custom_field usg_post_custom_field_1 type_image imagen_destacada has_ratio\"><a href=\"https:\/\/escenapart.cat\/ca\/grupos\/important-es-participar-ca\/\"><div style=\"padding-bottom:100%\"><\/div><img loading=\"lazy\" decoding=\"async\" width=\"1019\" height=\"641\" src=\"https:\/\/escenapart.cat\/wp-content\/uploads\/2025\/03\/LIMPORTANT.jpg\" class=\"attachment-large size-large\" alt=\"\" srcset=\"https:\/\/escenapart.cat\/wp-content\/uploads\/2025\/03\/LIMPORTANT.jpg 1019w, https:\/\/escenapart.cat\/wp-content\/uploads\/2025\/03\/LIMPORTANT-300x189.jpg 300w\" sizes=\"auto, (max-width: 1019px) 100vw, 1019px\" \/><\/a><\/div><h3 class=\"w-post-elm post_title usg_post_title_1 entry-title color_link_inherit\"><a href=\"https:\/\/escenapart.cat\/ca\/grupos\/important-es-participar-ca\/\">L&#8217;important \u00e9s participar<\/a><\/h3>\t\t<\/div>\r\n\t<\/div>\r\n\t<div class=\"w-grid-item type_term term-107 term-mili-kk ratio_1x1\">\r\n\t\t<div class=\"w-grid-item-h\">\r\n\t\t\t\t\t\t<div class=\"w-post-elm post_custom_field usg_post_custom_field_1 type_image imagen_destacada has_ratio\"><a href=\"https:\/\/escenapart.cat\/ca\/grupos\/mili-kk\/\"><div style=\"padding-bottom:100%\"><\/div><img loading=\"lazy\" decoding=\"async\" width=\"1024\" height=\"576\" src=\"https:\/\/escenapart.cat\/wp-content\/uploads\/2026\/01\/Mili-KK-1024x576.jpeg\" class=\"attachment-large size-large\" alt=\"\" srcset=\"https:\/\/escenapart.cat\/wp-content\/uploads\/2026\/01\/Mili-KK-1024x576.jpeg 1024w, https:\/\/escenapart.cat\/wp-content\/uploads\/2026\/01\/Mili-KK-300x169.jpeg 300w, https:\/\/escenapart.cat\/wp-content\/uploads\/2026\/01\/Mili-KK.jpeg 1200w\" sizes=\"auto, (max-width: 1024px) 100vw, 1024px\" \/><\/a><\/div><h3 class=\"w-post-elm post_title usg_post_title_1 entry-title color_link_inherit\"><a href=\"https:\/\/escenapart.cat\/ca\/grupos\/mili-kk\/\">Mili KK<\/a><\/h3>\t\t<\/div>\r\n\t<\/div>\r\n\t<div class=\"w-grid-item type_term term-100 term-una-casa-en-la-montana-ca ratio_1x1\">\r\n\t\t<div class=\"w-grid-item-h\">\r\n\t\t\t\t\t\t<div class=\"w-post-elm post_custom_field usg_post_custom_field_1 type_image imagen_destacada has_ratio\"><a href=\"https:\/\/escenapart.cat\/ca\/grupos\/una-casa-en-la-montana-ca\/\"><div style=\"padding-bottom:100%\"><\/div><img loading=\"lazy\" decoding=\"async\" width=\"995\" height=\"611\" src=\"https:\/\/escenapart.cat\/wp-content\/uploads\/2025\/03\/casa-en-la-montana.jpg\" class=\"attachment-large size-large\" alt=\"\" srcset=\"https:\/\/escenapart.cat\/wp-content\/uploads\/2025\/03\/casa-en-la-montana.jpg 995w, https:\/\/escenapart.cat\/wp-content\/uploads\/2025\/03\/casa-en-la-montana-300x184.jpg 300w\" sizes=\"auto, (max-width: 995px) 100vw, 995px\" \/><\/a><\/div><h3 class=\"w-post-elm post_title usg_post_title_1 entry-title color_link_inherit\"><a href=\"https:\/\/escenapart.cat\/ca\/grupos\/una-casa-en-la-montana-ca\/\">Una casa en la monta\u00f1a<\/a><\/h3>\t\t<\/div>\r\n\t<\/div>\r\n\t<div class=\"w-grid-item type_term term-113 term-caure-tofall ratio_1x1\">\r\n\t\t<div class=\"w-grid-item-h\">\r\n\t\t\t\t\t\t<div class=\"w-post-elm post_custom_field usg_post_custom_field_1 type_image imagen_destacada has_ratio\"><a href=\"https:\/\/escenapart.cat\/ca\/grupos\/caure-tofall\/\"><div style=\"padding-bottom:100%\"><\/div><img loading=\"lazy\" decoding=\"async\" width=\"1024\" height=\"683\" src=\"https:\/\/escenapart.cat\/wp-content\/uploads\/2026\/01\/CAURE-1024x683.jpeg\" class=\"attachment-large size-large\" alt=\"\" srcset=\"https:\/\/escenapart.cat\/wp-content\/uploads\/2026\/01\/CAURE-1024x683.jpeg 1024w, https:\/\/escenapart.cat\/wp-content\/uploads\/2026\/01\/CAURE-300x200.jpeg 300w, https:\/\/escenapart.cat\/wp-content\/uploads\/2026\/01\/CAURE.jpeg 1600w\" sizes=\"auto, (max-width: 1024px) 100vw, 1024px\" \/><\/a><\/div><h3 class=\"w-post-elm post_title usg_post_title_1 entry-title color_link_inherit\"><a href=\"https:\/\/escenapart.cat\/ca\/grupos\/caure-tofall\/\">Caure\/To fall<\/a><\/h3>\t\t<\/div>\r\n\t<\/div>\r\n\t<div class=\"w-grid-item type_term term-50 term-cia-mea-culpa ratio_1x1\">\r\n\t\t<div class=\"w-grid-item-h\">\r\n\t\t\t\t\t\t<div class=\"w-post-elm post_custom_field usg_post_custom_field_1 type_image imagen_destacada has_ratio\"><a href=\"https:\/\/escenapart.cat\/ca\/grupos\/cia-mea-culpa\/\"><div style=\"padding-bottom:100%\"><\/div><img loading=\"lazy\" decoding=\"async\" width=\"768\" height=\"1024\" src=\"https:\/\/escenapart.cat\/wp-content\/uploads\/2023\/06\/CARTELL-NET-baixa-qualitat-copia-768x1024.jpg\" class=\"attachment-large size-large\" alt=\"\" srcset=\"https:\/\/escenapart.cat\/wp-content\/uploads\/2023\/06\/CARTELL-NET-baixa-qualitat-copia-768x1024.jpg 768w, https:\/\/escenapart.cat\/wp-content\/uploads\/2023\/06\/CARTELL-NET-baixa-qualitat-copia-225x300.jpg 225w, https:\/\/escenapart.cat\/wp-content\/uploads\/2023\/06\/CARTELL-NET-baixa-qualitat-copia-scaled.jpg 1920w\" sizes=\"auto, (max-width: 768px) 100vw, 768px\" \/><\/a><\/div><h3 class=\"w-post-elm post_title usg_post_title_1 entry-title color_link_inherit\"><a href=\"https:\/\/escenapart.cat\/ca\/grupos\/cia-mea-culpa\/\">Cia. Mea Culpa<\/a><\/h3>\t\t<\/div>\r\n\t<\/div>\r\n\t<div class=\"w-grid-item type_term term-109 term-el-piset ratio_1x1\">\r\n\t\t<div class=\"w-grid-item-h\">\r\n\t\t\t\t\t\t<div class=\"w-post-elm post_custom_field usg_post_custom_field_1 type_image imagen_destacada has_ratio\"><a href=\"https:\/\/escenapart.cat\/ca\/grupos\/el-piset\/\"><div style=\"padding-bottom:100%\"><\/div><img loading=\"lazy\" decoding=\"async\" width=\"1024\" height=\"683\" src=\"https:\/\/escenapart.cat\/wp-content\/uploads\/2026\/01\/el-piset-1-1024x683.jpeg\" class=\"attachment-large size-large\" alt=\"\" srcset=\"https:\/\/escenapart.cat\/wp-content\/uploads\/2026\/01\/el-piset-1-1024x683.jpeg 1024w, https:\/\/escenapart.cat\/wp-content\/uploads\/2026\/01\/el-piset-1-300x200.jpeg 300w, https:\/\/escenapart.cat\/wp-content\/uploads\/2026\/01\/el-piset-1.jpeg 1200w\" sizes=\"auto, (max-width: 1024px) 100vw, 1024px\" \/><\/a><\/div><h3 class=\"w-post-elm post_title usg_post_title_1 entry-title color_link_inherit\"><a href=\"https:\/\/escenapart.cat\/ca\/grupos\/el-piset\/\">El Piset<\/a><\/h3>\t\t<\/div>\r\n\t<\/div>\r\n\t<div class=\"w-grid-item type_term term-116 term-un-refugi-al-sol ratio_1x1\">\r\n\t\t<div class=\"w-grid-item-h\">\r\n\t\t\t\t\t\t<div class=\"w-post-elm post_custom_field usg_post_custom_field_1 type_image imagen_destacada has_ratio\"><a href=\"https:\/\/escenapart.cat\/ca\/grupos\/un-refugi-al-sol\/\"><div style=\"padding-bottom:100%\"><\/div><img loading=\"lazy\" decoding=\"async\" width=\"1024\" height=\"682\" src=\"https:\/\/escenapart.cat\/wp-content\/uploads\/2026\/01\/REFUGI-1024x682.jpg\" class=\"attachment-large size-large\" alt=\"\" srcset=\"https:\/\/escenapart.cat\/wp-content\/uploads\/2026\/01\/REFUGI-1024x682.jpg 1024w, https:\/\/escenapart.cat\/wp-content\/uploads\/2026\/01\/REFUGI-300x200.jpg 300w, https:\/\/escenapart.cat\/wp-content\/uploads\/2026\/01\/REFUGI.jpg 1600w\" sizes=\"auto, (max-width: 1024px) 100vw, 1024px\" \/><\/a><\/div><h3 class=\"w-post-elm post_title usg_post_title_1 entry-title color_link_inherit\"><a href=\"https:\/\/escenapart.cat\/ca\/grupos\/un-refugi-al-sol\/\">Un refugi al sol<\/a><\/h3>\t\t<\/div>\r\n\t<\/div>\r\n\t<div class=\"w-grid-item type_term term-119 term-allo-deliran ratio_1x1\">\r\n\t\t<div class=\"w-grid-item-h\">\r\n\t\t\t\t\t\t<div class=\"w-post-elm post_custom_field usg_post_custom_field_1 type_image imagen_destacada has_ratio\"><a href=\"https:\/\/escenapart.cat\/ca\/grupos\/allo-deliran\/\"><div style=\"padding-bottom:100%\"><\/div><img loading=\"lazy\" decoding=\"async\" width=\"1024\" height=\"683\" src=\"https:\/\/escenapart.cat\/wp-content\/uploads\/2026\/04\/4-1024x683.jpg\" class=\"attachment-large size-large\" alt=\"\" srcset=\"https:\/\/escenapart.cat\/wp-content\/uploads\/2026\/04\/4-1024x683.jpg 1024w, https:\/\/escenapart.cat\/wp-content\/uploads\/2026\/04\/4-300x200.jpg 300w\" sizes=\"auto, (max-width: 1024px) 100vw, 1024px\" \/><\/a><\/div><h3 class=\"w-post-elm post_title usg_post_title_1 entry-title color_link_inherit\"><a href=\"https:\/\/escenapart.cat\/ca\/grupos\/allo-deliran\/\">All\u00f2 de l&#8217;Iran<\/a><\/h3>\t\t<\/div>\r\n\t<\/div>\r\n\t<div class=\"w-grid-item type_term term-105 term-puig-antich ratio_1x1\">\r\n\t\t<div class=\"w-grid-item-h\">\r\n\t\t\t\t\t\t<div class=\"w-post-elm post_custom_field usg_post_custom_field_1 type_image imagen_destacada has_ratio\"><a href=\"https:\/\/escenapart.cat\/ca\/grupos\/puig-antich\/\"><div style=\"padding-bottom:100%\"><\/div><img loading=\"lazy\" decoding=\"async\" width=\"1024\" height=\"682\" src=\"https:\/\/escenapart.cat\/wp-content\/uploads\/2026\/01\/puig-antich-1-1024x682.jpeg\" class=\"attachment-large size-large\" alt=\"\" srcset=\"https:\/\/escenapart.cat\/wp-content\/uploads\/2026\/01\/puig-antich-1-1024x682.jpeg 1024w, https:\/\/escenapart.cat\/wp-content\/uploads\/2026\/01\/puig-antich-1-300x200.jpeg 300w, https:\/\/escenapart.cat\/wp-content\/uploads\/2026\/01\/puig-antich-1.jpeg 1600w\" sizes=\"auto, (max-width: 1024px) 100vw, 1024px\" \/><\/a><\/div><h3 class=\"w-post-elm post_title usg_post_title_1 entry-title color_link_inherit\"><a href=\"https:\/\/escenapart.cat\/ca\/grupos\/puig-antich\/\">Puig Antich, cas obert<\/a><\/h3>\t\t<\/div>\r\n\t<\/div>\r\n\t<div class=\"w-grid-item type_term term-51 term-la-calorica ratio_1x1\">\r\n\t\t<div class=\"w-grid-item-h\">\r\n\t\t\t\t\t\t<div class=\"w-post-elm post_custom_field usg_post_custom_field_1 type_image imagen_destacada has_ratio\"><a href=\"https:\/\/escenapart.cat\/ca\/grupos\/la-calorica\/\"><div style=\"padding-bottom:100%\"><\/div><img loading=\"lazy\" decoding=\"async\" width=\"1024\" height=\"684\" src=\"https:\/\/escenapart.cat\/wp-content\/uploads\/2023\/05\/lacalorica-1024x684.jpg\" class=\"attachment-large size-large\" alt=\"\" srcset=\"https:\/\/escenapart.cat\/wp-content\/uploads\/2023\/05\/lacalorica-1024x684.jpg 1024w, https:\/\/escenapart.cat\/wp-content\/uploads\/2023\/05\/lacalorica-300x200.jpg 300w, https:\/\/escenapart.cat\/wp-content\/uploads\/2023\/05\/lacalorica.jpg 1200w\" sizes=\"auto, (max-width: 1024px) 100vw, 1024px\" \/><\/a><\/div><h3 class=\"w-post-elm post_title usg_post_title_1 entry-title color_link_inherit\"><a href=\"https:\/\/escenapart.cat\/ca\/grupos\/la-calorica\/\">La Cal\u00f2rica<\/a><\/h3>\t\t<\/div>\r\n\t<\/div>\r\n\t<div class=\"w-grid-item type_term term-53 term-cia-indi-gest ratio_1x1\">\r\n\t\t<div class=\"w-grid-item-h\">\r\n\t\t\t\t\t\t<div class=\"w-post-elm post_custom_field usg_post_custom_field_1 type_image imagen_destacada has_ratio\"><a href=\"https:\/\/escenapart.cat\/ca\/grupos\/cia-indi-gest\/\"><div style=\"padding-bottom:100%\"><\/div><img loading=\"lazy\" decoding=\"async\" width=\"600\" height=\"400\" src=\"https:\/\/escenapart.cat\/wp-content\/uploads\/2023\/07\/EU_web_13-600x400-1.jpg\" class=\"attachment-large size-large\" alt=\"\" srcset=\"https:\/\/escenapart.cat\/wp-content\/uploads\/2023\/07\/EU_web_13-600x400-1.jpg 600w, https:\/\/escenapart.cat\/wp-content\/uploads\/2023\/07\/EU_web_13-600x400-1-300x200.jpg 300w\" sizes=\"auto, (max-width: 600px) 100vw, 600px\" \/><\/a><\/div><h3 class=\"w-post-elm post_title usg_post_title_1 entry-title color_link_inherit\"><a href=\"https:\/\/escenapart.cat\/ca\/grupos\/cia-indi-gest\/\">Cia. Indi Gest<\/a><\/h3>\t\t<\/div>\r\n\t<\/div>\r\n<\/div><div class=\"w-grid-preloader\"><div class=\"g-preloader type_1\">\r\n\t<div><\/div>\r\n<\/div>\r\n<\/div>\t<div class=\"w-grid-json hidden\" onclick='return {&quot;action&quot;:&quot;us_ajax_grid&quot;,&quot;ajax_url&quot;:&quot;https:\\\/\\\/escenapart.cat\\\/wp-admin\\\/admin-ajax.php&quot;,&quot;infinite_scroll&quot;:0,&quot;max_num_pages&quot;:0,&quot;pagination&quot;:&quot;none&quot;,&quot;permalink_url&quot;:&quot;https:\\\/\\\/escenapart.cat\\\/ca\\\/wp-json\\\/wp\\\/v2\\\/pages\\\/377\\\/&quot;,&quot;template_vars&quot;:{&quot;columns&quot;:&quot;4&quot;,&quot;exclude_items&quot;:&quot;none&quot;,&quot;img_size&quot;:&quot;default&quot;,&quot;ignore_items_size&quot;:0,&quot;items_layout&quot;:&quot;86&quot;,&quot;items_offset&quot;:&quot;1&quot;,&quot;load_animation&quot;:&quot;none&quot;,&quot;overriding_link&quot;:&quot;{\\&quot;url\\&quot;:\\&quot;\\&quot;}&quot;,&quot;post_id&quot;:0,&quot;query_args&quot;:false,&quot;orderby_query_args&quot;:{&quot;orderby&quot;:{&quot;date&quot;:&quot;DESC&quot;}},&quot;type&quot;:&quot;grid&quot;,&quot;us_grid_ajax_index&quot;:1,&quot;us_grid_filter_params&quot;:null,&quot;us_grid_index&quot;:1,&quot;_us_grid_post_type&quot;:&quot;taxonomy_terms&quot;,&quot;page_args&quot;:[],&quot;lang&quot;:&quot;ca&quot;}}'><\/div>\r\n\t<\/div><\/div><\/div><\/div><\/div><\/div><\/div><\/div><\/div><\/div><\/section><section class=\"l-section wpb_row us_custom_fa919657 height_medium\" id=\"escenamusic\"><div class=\"l-section-h i-cf\"><div class=\"g-cols vc_row via_flex valign_top type_default stacking_default\"><div class=\"vc_col-sm-12 wpb_column vc_column_container\"><div class=\"vc_column-inner\"><div class=\"wpb_wrapper\"><div class=\"g-cols wpb_row via_flex valign_top type_default stacking_default\"><div class=\"vc_col-sm-12 wpb_column vc_column_container\"><div class=\"vc_column-inner\"><div class=\"wpb_wrapper\"><div class=\"w-image us_custom_4e37f0ed align_none\"><div url class=\"w-image-h\"><img loading=\"lazy\" decoding=\"async\" width=\"594\" height=\"107\" src=\"https:\/\/escenapart.cat\/wp-content\/uploads\/2023\/04\/logo-escenamusic.jpg\" class=\"attachment-full size-full\" alt=\"\" srcset=\"https:\/\/escenapart.cat\/wp-content\/uploads\/2023\/04\/logo-escenamusic.jpg 594w, https:\/\/escenapart.cat\/wp-content\/uploads\/2023\/04\/logo-escenamusic-300x54.jpg 300w\" sizes=\"auto, (max-width: 594px) 100vw, 594px\" \/><\/div><\/div><div class=\"w-grid us_custom_10679678 type_grid layout_181 cols_4\" id=\"us_grid_2\" style=\"--gap:0.6rem;\" data-filterable=\"true\"><style>@media (max-width:1024px){#us_grid_2 .w-grid-item{width:50%}}@media (max-width:600px){#us_grid_2 .w-grid-list{margin:0}#us_grid_2 .w-grid-item{width:100%;padding:0;margin-bottom:var(--gap,0px)}}.layout_181 .w-grid-item-h{}.layout_181 .usg_post_title_1{font-size:1rem!important;font-weight:500!important;text-transform:uppercase!important;margin-top:1rem!important}<\/style><div class=\"w-grid-list\">\t<article class=\"w-grid-item post-1756 banda type-banda status-publish has-post-thumbnail hentry\" data-id=\"1756\">\r\n\t\t<div class=\"w-grid-item-h\">\r\n\t\t\t\t\t\t<div class=\"w-post-elm post_image usg_post_image_1 has_ratio\"><div style=\"padding-bottom:100%\"><\/div><a href=\"https:\/\/escenapart.cat\/ca\/banda\/balkumbia\/\" aria-label=\"Balkumbia\"><img loading=\"lazy\" decoding=\"async\" width=\"1024\" height=\"908\" src=\"https:\/\/escenapart.cat\/wp-content\/uploads\/2026\/04\/WhatsApp-Image-2026-04-08-at-14.21.00-1024x908.jpeg\" class=\"attachment-large size-large wp-post-image\" alt=\"\" srcset=\"https:\/\/escenapart.cat\/wp-content\/uploads\/2026\/04\/WhatsApp-Image-2026-04-08-at-14.21.00-1024x908.jpeg 1024w, https:\/\/escenapart.cat\/wp-content\/uploads\/2026\/04\/WhatsApp-Image-2026-04-08-at-14.21.00-300x266.jpeg 300w, https:\/\/escenapart.cat\/wp-content\/uploads\/2026\/04\/WhatsApp-Image-2026-04-08-at-14.21.00.jpeg 1600w\" sizes=\"auto, (max-width: 1024px) 100vw, 1024px\" \/><\/a><\/div><h3 class=\"w-post-elm post_title usg_post_title_1 entry-title color_link_inherit\"><a href=\"https:\/\/escenapart.cat\/ca\/banda\/balkumbia\/\">Balkumbia<\/a><\/h3>\t\t<\/div>\r\n\t<\/article>\r\n\t<article class=\"w-grid-item post-1409 banda type-banda status-publish has-post-thumbnail hentry\" data-id=\"1409\">\r\n\t\t<div class=\"w-grid-item-h\">\r\n\t\t\t\t\t\t<div class=\"w-post-elm post_image usg_post_image_1 has_ratio\"><div style=\"padding-bottom:100%\"><\/div><a href=\"https:\/\/escenapart.cat\/ca\/banda\/ketekalles\/\" aria-label=\"KeteKalles\"><img loading=\"lazy\" decoding=\"async\" width=\"1024\" height=\"682\" src=\"https:\/\/escenapart.cat\/wp-content\/uploads\/2025\/02\/ktk-1024x682.jpg\" class=\"attachment-large size-large wp-post-image\" alt=\"\" srcset=\"https:\/\/escenapart.cat\/wp-content\/uploads\/2025\/02\/ktk-1024x682.jpg 1024w, https:\/\/escenapart.cat\/wp-content\/uploads\/2025\/02\/ktk-300x200.jpg 300w, https:\/\/escenapart.cat\/wp-content\/uploads\/2025\/02\/ktk.jpg 1600w\" sizes=\"auto, (max-width: 1024px) 100vw, 1024px\" \/><\/a><\/div><h3 class=\"w-post-elm post_title usg_post_title_1 entry-title color_link_inherit\"><a href=\"https:\/\/escenapart.cat\/ca\/banda\/ketekalles\/\">KeteKalles<\/a><\/h3>\t\t<\/div>\r\n\t<\/article>\r\n\t<article class=\"w-grid-item post-1530 banda type-banda status-publish has-post-thumbnail hentry\" data-id=\"1530\">\r\n\t\t<div class=\"w-grid-item-h\">\r\n\t\t\t\t\t\t<div class=\"w-post-elm post_image usg_post_image_1 has_ratio\"><div style=\"padding-bottom:100%\"><\/div><a href=\"https:\/\/escenapart.cat\/ca\/banda\/alba-carmona\/\" aria-label=\"Alba Carmona\"><img loading=\"lazy\" decoding=\"async\" width=\"1024\" height=\"1024\" src=\"https:\/\/escenapart.cat\/wp-content\/uploads\/2025\/04\/alba-c-1024x1024.jpg\" class=\"attachment-large size-large wp-post-image\" alt=\"\" srcset=\"https:\/\/escenapart.cat\/wp-content\/uploads\/2025\/04\/alba-c-1024x1024.jpg 1024w, https:\/\/escenapart.cat\/wp-content\/uploads\/2025\/04\/alba-c-300x300.jpg 300w, https:\/\/escenapart.cat\/wp-content\/uploads\/2025\/04\/alba-c-150x150.jpg 150w, https:\/\/escenapart.cat\/wp-content\/uploads\/2025\/04\/alba-c.jpg 1600w\" sizes=\"auto, (max-width: 1024px) 100vw, 1024px\" \/><\/a><\/div><h3 class=\"w-post-elm post_title usg_post_title_1 entry-title color_link_inherit\"><a href=\"https:\/\/escenapart.cat\/ca\/banda\/alba-carmona\/\">Alba Carmona<\/a><\/h3>\t\t<\/div>\r\n\t<\/article>\r\n\t<article class=\"w-grid-item post-1582 banda type-banda status-publish has-post-thumbnail hentry\" data-id=\"1582\">\r\n\t\t<div class=\"w-grid-item-h\">\r\n\t\t\t\t\t\t<div class=\"w-post-elm post_image usg_post_image_1 has_ratio\"><div style=\"padding-bottom:100%\"><\/div><a href=\"https:\/\/escenapart.cat\/ca\/banda\/maria-cielos\/\" aria-label=\"Mar\u00eda Cielos\"><img loading=\"lazy\" decoding=\"async\" width=\"1024\" height=\"690\" src=\"https:\/\/escenapart.cat\/wp-content\/uploads\/2025\/10\/maria-cielos-1024x690.jpg\" class=\"attachment-large size-large wp-post-image\" alt=\"\" srcset=\"https:\/\/escenapart.cat\/wp-content\/uploads\/2025\/10\/maria-cielos-1024x690.jpg 1024w, https:\/\/escenapart.cat\/wp-content\/uploads\/2025\/10\/maria-cielos-300x202.jpg 300w, https:\/\/escenapart.cat\/wp-content\/uploads\/2025\/10\/maria-cielos.jpg 1600w\" sizes=\"auto, (max-width: 1024px) 100vw, 1024px\" \/><\/a><\/div><h3 class=\"w-post-elm post_title usg_post_title_1 entry-title color_link_inherit\"><a href=\"https:\/\/escenapart.cat\/ca\/banda\/maria-cielos\/\">Mar\u00eda Cielos<\/a><\/h3>\t\t<\/div>\r\n\t<\/article>\r\n\t<article class=\"w-grid-item post-1701 banda type-banda status-publish has-post-thumbnail hentry\" data-id=\"1701\">\r\n\t\t<div class=\"w-grid-item-h\">\r\n\t\t\t\t\t\t<div class=\"w-post-elm post_image usg_post_image_1 has_ratio\"><div style=\"padding-bottom:100%\"><\/div><a href=\"https:\/\/escenapart.cat\/ca\/banda\/maggie-cullen\/\" aria-label=\"Maggie Cullen\"><img loading=\"lazy\" decoding=\"async\" width=\"1024\" height=\"744\" src=\"https:\/\/escenapart.cat\/wp-content\/uploads\/2026\/01\/WhatsApp-Image-2026-01-29-at-10.03.42-1024x744.jpeg\" class=\"attachment-large size-large wp-post-image\" alt=\"\" srcset=\"https:\/\/escenapart.cat\/wp-content\/uploads\/2026\/01\/WhatsApp-Image-2026-01-29-at-10.03.42-1024x744.jpeg 1024w, https:\/\/escenapart.cat\/wp-content\/uploads\/2026\/01\/WhatsApp-Image-2026-01-29-at-10.03.42-300x218.jpeg 300w, https:\/\/escenapart.cat\/wp-content\/uploads\/2026\/01\/WhatsApp-Image-2026-01-29-at-10.03.42.jpeg 1600w\" sizes=\"auto, (max-width: 1024px) 100vw, 1024px\" \/><\/a><\/div><h3 class=\"w-post-elm post_title usg_post_title_1 entry-title color_link_inherit\"><a href=\"https:\/\/escenapart.cat\/ca\/banda\/maggie-cullen\/\">Maggie Cullen<\/a><\/h3>\t\t<\/div>\r\n\t<\/article>\r\n\t<article class=\"w-grid-item post-1707 banda type-banda status-publish has-post-thumbnail hentry\" data-id=\"1707\">\r\n\t\t<div class=\"w-grid-item-h\">\r\n\t\t\t\t\t\t<div class=\"w-post-elm post_image usg_post_image_1 has_ratio\"><div style=\"padding-bottom:100%\"><\/div><a href=\"https:\/\/escenapart.cat\/ca\/banda\/altertango\/\" aria-label=\"Altertango\"><img loading=\"lazy\" decoding=\"async\" width=\"1024\" height=\"683\" src=\"https:\/\/escenapart.cat\/wp-content\/uploads\/2026\/02\/WhatsApp-Image-2026-02-02-at-13.17.40-1024x683.jpeg\" class=\"attachment-large size-large wp-post-image\" alt=\"\" srcset=\"https:\/\/escenapart.cat\/wp-content\/uploads\/2026\/02\/WhatsApp-Image-2026-02-02-at-13.17.40-1024x683.jpeg 1024w, https:\/\/escenapart.cat\/wp-content\/uploads\/2026\/02\/WhatsApp-Image-2026-02-02-at-13.17.40-300x200.jpeg 300w, https:\/\/escenapart.cat\/wp-content\/uploads\/2026\/02\/WhatsApp-Image-2026-02-02-at-13.17.40.jpeg 1600w\" sizes=\"auto, (max-width: 1024px) 100vw, 1024px\" \/><\/a><\/div><h3 class=\"w-post-elm post_title usg_post_title_1 entry-title color_link_inherit\"><a href=\"https:\/\/escenapart.cat\/ca\/banda\/altertango\/\">Altertango<\/a><\/h3>\t\t<\/div>\r\n\t<\/article>\r\n\t<article class=\"w-grid-item post-999 banda type-banda status-publish has-post-thumbnail hentry\" data-id=\"999\">\r\n\t\t<div class=\"w-grid-item-h\">\r\n\t\t\t\t\t\t<div class=\"w-post-elm post_image usg_post_image_1 has_ratio\"><div style=\"padding-bottom:100%\"><\/div><a href=\"https:\/\/escenapart.cat\/ca\/banda\/flor-de-lava\/\" aria-label=\"Flor de Lava\"><img loading=\"lazy\" decoding=\"async\" width=\"1024\" height=\"661\" src=\"https:\/\/escenapart.cat\/wp-content\/uploads\/2024\/06\/flor-1024x661.jpg\" class=\"attachment-large size-large wp-post-image\" alt=\"\" srcset=\"https:\/\/escenapart.cat\/wp-content\/uploads\/2024\/06\/flor-1024x661.jpg 1024w, https:\/\/escenapart.cat\/wp-content\/uploads\/2024\/06\/flor-300x194.jpg 300w, https:\/\/escenapart.cat\/wp-content\/uploads\/2024\/06\/flor.jpg 1600w\" sizes=\"auto, (max-width: 1024px) 100vw, 1024px\" \/><\/a><\/div><h3 class=\"w-post-elm post_title usg_post_title_1 entry-title color_link_inherit\"><a href=\"https:\/\/escenapart.cat\/ca\/banda\/flor-de-lava\/\">Flor de Lava<\/a><\/h3>\t\t<\/div>\r\n\t<\/article>\r\n\t<article class=\"w-grid-item post-1160 banda type-banda status-publish has-post-thumbnail hentry\" data-id=\"1160\">\r\n\t\t<div class=\"w-grid-item-h\">\r\n\t\t\t\t\t\t<div class=\"w-post-elm post_image usg_post_image_1 has_ratio\"><div style=\"padding-bottom:100%\"><\/div><a href=\"https:\/\/escenapart.cat\/ca\/banda\/tonina\/\" aria-label=\"Tonina\"><img loading=\"lazy\" decoding=\"async\" width=\"682\" height=\"1024\" src=\"https:\/\/escenapart.cat\/wp-content\/uploads\/2024\/10\/tonina-682x1024.jpg\" class=\"attachment-large size-large wp-post-image\" alt=\"\" srcset=\"https:\/\/escenapart.cat\/wp-content\/uploads\/2024\/10\/tonina-682x1024.jpg 682w, https:\/\/escenapart.cat\/wp-content\/uploads\/2024\/10\/tonina-200x300.jpg 200w, https:\/\/escenapart.cat\/wp-content\/uploads\/2024\/10\/tonina.jpg 1066w\" sizes=\"auto, (max-width: 682px) 100vw, 682px\" \/><\/a><\/div><h3 class=\"w-post-elm post_title usg_post_title_1 entry-title color_link_inherit\"><a href=\"https:\/\/escenapart.cat\/ca\/banda\/tonina\/\">Tonina<\/a><\/h3>\t\t<\/div>\r\n\t<\/article>\r\n\t<article class=\"w-grid-item post-826 banda type-banda status-publish has-post-thumbnail hentry\" data-id=\"826\">\r\n\t\t<div class=\"w-grid-item-h\">\r\n\t\t\t\t\t\t<div class=\"w-post-elm post_image usg_post_image_1 has_ratio\"><div style=\"padding-bottom:100%\"><\/div><a href=\"https:\/\/escenapart.cat\/ca\/banda\/las-karamba-2\/\" aria-label=\"Las Karamba\"><img loading=\"lazy\" decoding=\"async\" width=\"1024\" height=\"684\" src=\"https:\/\/escenapart.cat\/wp-content\/uploads\/2023\/12\/foto-LK-1024x684.jpg\" class=\"attachment-large size-large wp-post-image\" alt=\"\" srcset=\"https:\/\/escenapart.cat\/wp-content\/uploads\/2023\/12\/foto-LK-1024x684.jpg 1024w, https:\/\/escenapart.cat\/wp-content\/uploads\/2023\/12\/foto-LK-300x200.jpg 300w, https:\/\/escenapart.cat\/wp-content\/uploads\/2023\/12\/foto-LK.jpg 1600w\" sizes=\"auto, (max-width: 1024px) 100vw, 1024px\" \/><\/a><\/div><h3 class=\"w-post-elm post_title usg_post_title_1 entry-title color_link_inherit\"><a href=\"https:\/\/escenapart.cat\/ca\/banda\/las-karamba-2\/\">Las Karamba<\/a><\/h3>\t\t<\/div>\r\n\t<\/article>\r\n\t<article class=\"w-grid-item post-797 banda type-banda status-publish has-post-thumbnail hentry\" data-id=\"797\">\r\n\t\t<div class=\"w-grid-item-h\">\r\n\t\t\t\t\t\t<div class=\"w-post-elm post_image usg_post_image_1 has_ratio\"><div style=\"padding-bottom:100%\"><\/div><a href=\"https:\/\/escenapart.cat\/ca\/banda\/los-aurora\/\" aria-label=\"Los Aurora\"><img loading=\"lazy\" decoding=\"async\" width=\"1024\" height=\"649\" src=\"https:\/\/escenapart.cat\/wp-content\/uploads\/2023\/11\/los-aurora-1024x649.jpg\" class=\"attachment-large size-large wp-post-image\" alt=\"\" srcset=\"https:\/\/escenapart.cat\/wp-content\/uploads\/2023\/11\/los-aurora-1024x649.jpg 1024w, https:\/\/escenapart.cat\/wp-content\/uploads\/2023\/11\/los-aurora-300x190.jpg 300w, https:\/\/escenapart.cat\/wp-content\/uploads\/2023\/11\/los-aurora.jpg 1600w\" sizes=\"auto, (max-width: 1024px) 100vw, 1024px\" \/><\/a><\/div><h3 class=\"w-post-elm post_title usg_post_title_1 entry-title color_link_inherit\"><a href=\"https:\/\/escenapart.cat\/ca\/banda\/los-aurora\/\">Los Aurora<\/a><\/h3>\t\t<\/div>\r\n\t<\/article>\r\n\t<article class=\"w-grid-item post-781 banda type-banda status-publish has-post-thumbnail hentry\" data-id=\"781\">\r\n\t\t<div class=\"w-grid-item-h\">\r\n\t\t\t\t\t\t<div class=\"w-post-elm post_image usg_post_image_1 has_ratio\"><div style=\"padding-bottom:100%\"><\/div><a href=\"https:\/\/escenapart.cat\/ca\/banda\/sara-correia\/\" aria-label=\"Sara Correia\"><img loading=\"lazy\" decoding=\"async\" width=\"648\" height=\"682\" src=\"https:\/\/escenapart.cat\/wp-content\/uploads\/2023\/05\/Sara-correia.jpeg\" class=\"attachment-large size-large wp-post-image\" alt=\"\" srcset=\"https:\/\/escenapart.cat\/wp-content\/uploads\/2023\/05\/Sara-correia.jpeg 648w, https:\/\/escenapart.cat\/wp-content\/uploads\/2023\/05\/Sara-correia-285x300.jpeg 285w\" sizes=\"auto, (max-width: 648px) 100vw, 648px\" \/><\/a><\/div><h3 class=\"w-post-elm post_title usg_post_title_1 entry-title color_link_inherit\"><a href=\"https:\/\/escenapart.cat\/ca\/banda\/sara-correia\/\">Sara Correia<\/a><\/h3>\t\t<\/div>\r\n\t<\/article>\r\n\t<article class=\"w-grid-item post-782 banda type-banda status-publish has-post-thumbnail hentry\" data-id=\"782\">\r\n\t\t<div class=\"w-grid-item-h\">\r\n\t\t\t\t\t\t<div class=\"w-post-elm post_image usg_post_image_1 has_ratio\"><div style=\"padding-bottom:100%\"><\/div><a href=\"https:\/\/escenapart.cat\/ca\/banda\/alba-armengou\/\" aria-label=\"Alba Armengou\"><img loading=\"lazy\" decoding=\"async\" width=\"1024\" height=\"683\" src=\"https:\/\/escenapart.cat\/wp-content\/uploads\/2023\/09\/foto_alba_11zon-1024x683.jpg\" class=\"attachment-large size-large wp-post-image\" alt=\"\" srcset=\"https:\/\/escenapart.cat\/wp-content\/uploads\/2023\/09\/foto_alba_11zon-1024x683.jpg 1024w, https:\/\/escenapart.cat\/wp-content\/uploads\/2023\/09\/foto_alba_11zon-300x200.jpg 300w\" sizes=\"auto, (max-width: 1024px) 100vw, 1024px\" \/><\/a><\/div><h3 class=\"w-post-elm post_title usg_post_title_1 entry-title color_link_inherit\"><a href=\"https:\/\/escenapart.cat\/ca\/banda\/alba-armengou\/\">Alba Armengou<\/a><\/h3>\t\t<\/div>\r\n\t<\/article>\r\n<\/div><div class=\"w-grid-preloader\"><div class=\"g-preloader type_1\">\r\n\t<div><\/div>\r\n<\/div>\r\n<\/div>\t<div class=\"w-grid-json hidden\" onclick='return {&quot;action&quot;:&quot;us_ajax_grid&quot;,&quot;ajax_url&quot;:&quot;https:\\\/\\\/escenapart.cat\\\/wp-admin\\\/admin-ajax.php&quot;,&quot;infinite_scroll&quot;:0,&quot;max_num_pages&quot;:1,&quot;pagination&quot;:&quot;none&quot;,&quot;permalink_url&quot;:&quot;https:\\\/\\\/escenapart.cat\\\/ca\\\/wp-json\\\/wp\\\/v2\\\/pages\\\/377\\\/&quot;,&quot;template_vars&quot;:{&quot;columns&quot;:&quot;4&quot;,&quot;exclude_items&quot;:&quot;none&quot;,&quot;img_size&quot;:&quot;default&quot;,&quot;ignore_items_size&quot;:0,&quot;items_layout&quot;:&quot;181&quot;,&quot;items_offset&quot;:&quot;1&quot;,&quot;load_animation&quot;:&quot;none&quot;,&quot;overriding_link&quot;:&quot;{\\&quot;url\\&quot;:\\&quot;\\&quot;}&quot;,&quot;post_id&quot;:0,&quot;query_args&quot;:{&quot;post_type&quot;:[&quot;banda&quot;],&quot;post_status&quot;:[&quot;publish&quot;,&quot;acf-disabled&quot;],&quot;posts_per_page&quot;:&quot;12&quot;},&quot;orderby_query_args&quot;:{&quot;orderby&quot;:{&quot;menu_order&quot;:&quot;ASC&quot;},&quot;order&quot;:&quot;ASC&quot;},&quot;type&quot;:&quot;grid&quot;,&quot;us_grid_ajax_index&quot;:2,&quot;us_grid_filter_params&quot;:null,&quot;us_grid_index&quot;:2,&quot;_us_grid_post_type&quot;:&quot;banda&quot;,&quot;page_args&quot;:[],&quot;lang&quot;:&quot;ca&quot;}}'><\/div>\r\n\t<\/div><\/div><\/div><\/div><\/div><\/div><\/div><\/div><\/div><\/div><\/section>\n","protected":false},"excerpt":{"rendered":"\"Blancos y grafitos\u201d \u00e9s el nou disc de la talentosa cantant i trompetista Alba Armengou, que s\u2019ha unit al guitarrista Vicente L\u00f3pez i al percussionista i cantant Tramel Levalle per crear i oferir-nos una aut\u00e8ntica joia musical. El nou \u00e0lbum fusiona la can\u00e7\u00f3 d\u2019autor i el folklore llatinoameric\u00e0, oferint una experi\u00e8ncia sonora rica en matisos...","protected":false},"author":1,"featured_media":0,"parent":0,"menu_order":0,"comment_status":"closed","ping_status":"closed","template":"","meta":{"footnotes":""},"class_list":["post-377","page","type-page","status-publish","hentry"],"acf":[],"_links":{"self":[{"href":"https:\/\/escenapart.cat\/ca\/wp-json\/wp\/v2\/pages\/377","targetHints":{"allow":["GET"]}}],"collection":[{"href":"https:\/\/escenapart.cat\/ca\/wp-json\/wp\/v2\/pages"}],"about":[{"href":"https:\/\/escenapart.cat\/ca\/wp-json\/wp\/v2\/types\/page"}],"author":[{"embeddable":true,"href":"https:\/\/escenapart.cat\/ca\/wp-json\/wp\/v2\/users\/1"}],"replies":[{"embeddable":true,"href":"https:\/\/escenapart.cat\/ca\/wp-json\/wp\/v2\/comments?post=377"}],"version-history":[{"count":9,"href":"https:\/\/escenapart.cat\/ca\/wp-json\/wp\/v2\/pages\/377\/revisions"}],"predecessor-version":[{"id":1085,"href":"https:\/\/escenapart.cat\/ca\/wp-json\/wp\/v2\/pages\/377\/revisions\/1085"}],"wp:attachment":[{"href":"https:\/\/escenapart.cat\/ca\/wp-json\/wp\/v2\/media?parent=377"}],"curies":[{"name":"wp","href":"https:\/\/api.w.org\/{rel}","templated":true}]}}