{"id":801,"date":"2023-06-22T08:54:38","date_gmt":"2023-06-22T08:54:38","guid":{"rendered":"https:\/\/escenapart.cat\/funciones\/le-congres-ne-marche-pas\/"},"modified":"2024-12-26T12:23:40","modified_gmt":"2024-12-26T12:23:40","slug":"le-congres-ne-marche-pas","status":"publish","type":"funciones","link":"https:\/\/escenapart.cat\/ca\/funciones\/le-congres-ne-marche-pas\/","title":{"rendered":"Le congr\u00e8s ne marche pas"},"content":{"rendered":"<p style=\"text-align: justify;\"><span style=\"font-weight: 400;\">El ministre austr\u00edac d\u2019afers exteriors Klemens von Metternich sap que les revolucions s\u2019han d\u2019aturar abans no comencin. Amb aquest objectiu, ha convidat els mandataris de R\u00fassia, Anglaterra i Pr\u00fassia a passar uns dies a Viena. Poc s\u2019imagina que la not\u00edcia de la celebraci\u00f3 del congr\u00e9s atraur\u00e0 la curiositat de tots el governs del m\u00f3n i que el que havia de ser una reuni\u00f3 senzilla es convertir\u00e0 en una festa multitudin\u00e0ria que s\u2019allargar\u00e0 m\u00e9s enll\u00e0 de nou mesos. No \u00e9s f\u00e0cil separar les negociacions territorials dels conflictes amorosos, els debats ideol\u00f2gics de les simples lluites d\u2019ego\u2026 Costa saber quan estem celebrant i quan estem fent feina. Mentrestant, les ampolles de xampany comencen a acabar-se, les safates de menjar s\u00f3n cada cop m\u00e9s escasses i el retorn d\u2019un antic enemic ens fa pensar, per un moment, que potser les coses podrien ser d\u2019una altra manera.<\/span><\/p>\n<p>&nbsp;<\/p>\n<p>&nbsp;<\/p>\n<p>&nbsp;<\/p>\n","protected":false},"featured_media":478,"parent":0,"template":"","grupos":[51],"class_list":["post-801","funciones","type-funciones","status-publish","has-post-thumbnail","hentry","grupos-la-calorica"],"acf":[],"_links":{"self":[{"href":"https:\/\/escenapart.cat\/ca\/wp-json\/wp\/v2\/funciones\/801","targetHints":{"allow":["GET"]}}],"collection":[{"href":"https:\/\/escenapart.cat\/ca\/wp-json\/wp\/v2\/funciones"}],"about":[{"href":"https:\/\/escenapart.cat\/ca\/wp-json\/wp\/v2\/types\/funciones"}],"wp:featuredmedia":[{"embeddable":true,"href":"https:\/\/escenapart.cat\/ca\/wp-json\/wp\/v2\/media\/478"}],"wp:attachment":[{"href":"https:\/\/escenapart.cat\/ca\/wp-json\/wp\/v2\/media?parent=801"}],"wp:term":[{"taxonomy":"grupos","embeddable":true,"href":"https:\/\/escenapart.cat\/ca\/wp-json\/wp\/v2\/grupos?post=801"}],"curies":[{"name":"wp","href":"https:\/\/api.w.org\/{rel}","templated":true}]}}