{"id":1012,"date":"2024-06-28T08:02:44","date_gmt":"2024-06-28T08:02:44","guid":{"rendered":"https:\/\/escenapart.cat\/funciones\/nodi-de-gossos-i-malditos\/"},"modified":"2025-05-06T11:46:58","modified_gmt":"2025-05-06T11:46:58","slug":"nodi-de-gossos-i-malditos","status":"publish","type":"funciones","link":"https:\/\/escenapart.cat\/ca\/funciones\/nodi-de-gossos-i-malditos\/","title":{"rendered":"NODI: de gossos i \u201cmalditos\u201d"},"content":{"rendered":"<p><em><strong>NODI: de gossos i \u201cmalditos\u201d<\/strong><\/em> \u00e9s un proc\u00e9s de <strong> creaci\u00f3 d\u2019autoficci\u00f3 documental a partir de la figura del \u201cmaldito\u201d<\/strong> (com els va anomenar Pau Malvido), entesa com aquell que posa en crisi all\u00f2 establert, la norma. \u00c9s una conjectura personal sobre com la llibertat es va convertir en motor de canvi als anys 70 i va donar la possibilitat a tota una generaci\u00f3 \u201cal\u00b7lucinada\u201d d\u2019imaginar i jugar. \u00c9s un relat, tamb\u00e9, de com el desenc\u00eds posterior va ocultar la pot\u00e8ncia pol\u00edtica del moviment m\u00e9s llibertari de la Contracultura durant la Transici\u00f3.<\/p>\n<p>L\u2019espectacle parteix de la narraci\u00f3 fascinada de l\u2019actor Joan Sent\u00eds <strong>a partir d\u2019experi\u00e8ncies reals d\u2019aquells que van viure aquella \u00e8poca a Catalunya<\/strong>. D\u2019aquells que van sobreviure com <strong>Marisa Mu\u00f1iz<\/strong> o <strong>Pau Riba<\/strong>. D\u2019aquells que no van poder com el <strong>Pau Malvido<\/strong>, <strong>Claudi Monta\u00f1\u00e0<\/strong> o el <strong>Toni<\/strong>, l\u2019antic amo del Nodi. I tants d\u2019altres.<\/p>\n<p>&nbsp;<\/p>\n","protected":false},"featured_media":1009,"parent":0,"template":"","grupos":[64],"class_list":["post-1012","funciones","type-funciones","status-publish","has-post-thumbnail","hentry","grupos-la-moukhles-sentis-ca"],"acf":[],"_links":{"self":[{"href":"https:\/\/escenapart.cat\/ca\/wp-json\/wp\/v2\/funciones\/1012","targetHints":{"allow":["GET"]}}],"collection":[{"href":"https:\/\/escenapart.cat\/ca\/wp-json\/wp\/v2\/funciones"}],"about":[{"href":"https:\/\/escenapart.cat\/ca\/wp-json\/wp\/v2\/types\/funciones"}],"wp:featuredmedia":[{"embeddable":true,"href":"https:\/\/escenapart.cat\/ca\/wp-json\/wp\/v2\/media\/1009"}],"wp:attachment":[{"href":"https:\/\/escenapart.cat\/ca\/wp-json\/wp\/v2\/media?parent=1012"}],"wp:term":[{"taxonomy":"grupos","embeddable":true,"href":"https:\/\/escenapart.cat\/ca\/wp-json\/wp\/v2\/grupos?post=1012"}],"curies":[{"name":"wp","href":"https:\/\/api.w.org\/{rel}","templated":true}]}}