{"id":781,"date":"2023-05-07T20:00:32","date_gmt":"2023-05-07T20:00:32","guid":{"rendered":"https:\/\/escenapart.cat\/banda\/sara-correia\/"},"modified":"2026-04-01T11:50:13","modified_gmt":"2026-04-01T11:50:13","slug":"sara-correia","status":"publish","type":"banda","link":"https:\/\/escenapart.cat\/ca\/banda\/sara-correia\/","title":{"rendered":"Sara Correia"},"content":{"rendered":"<p data-start=\"17\" data-end=\"573\"><span class=\"hover:entity-accent entity-underline inline cursor-pointer align-baseline\"><span class=\"whitespace-normal\">Sara Correia<\/span><\/span> torna el 2026 amb <strong data-start=\"73\" data-end=\"87\">TEMPESTADE<\/strong>, el seu quart \u00e0lbum, produ\u00eft per <span class=\"hover:entity-accent entity-underline inline cursor-pointer align-baseline\"><span class=\"whitespace-normal\">Diogo Clemente<\/span><\/span>. <strong>Onze can\u00e7ons escrites exclusivament per dones<\/strong> \u2014 entre elles <span class=\"hover:entity-accent entity-underline inline cursor-pointer align-baseline\"><span class=\"whitespace-normal\">Carolina Deslandes<\/span><\/span>, <span class=\"hover:entity-accent entity-underline inline cursor-pointer align-baseline\"><span class=\"whitespace-normal\">Mila Dores<\/span><\/span>, <span class=\"hover:entity-accent entity-underline inline cursor-pointer align-baseline\"><span class=\"whitespace-normal\">Florbela Espanca<\/span><\/span>, <span class=\"hover:entity-accent entity-underline inline cursor-pointer align-baseline\"><span class=\"whitespace-normal\">A Garota N\u00e3o<\/span><\/span>, <span class=\"hover:entity-accent entity-underline inline cursor-pointer align-baseline\"><span class=\"whitespace-normal\">Sophia de Mello Breyner Andresen<\/span><\/span>, <span class=\"hover:entity-accent entity-underline inline cursor-pointer align-baseline\"><span class=\"whitespace-normal\">M\u00e1rcia<\/span><\/span>, <span class=\"hover:entity-accent entity-underline inline cursor-pointer align-baseline\"><span class=\"whitespace-normal\">Mafalda Arnauth<\/span><\/span>, <span class=\"hover:entity-accent entity-underline inline cursor-pointer align-baseline\"><span class=\"whitespace-normal\">Beatriz Pessoa<\/span><\/span> i <span class=\"hover:entity-accent entity-underline inline cursor-pointer align-baseline\"><span class=\"whitespace-normal\">Aldina Duarte<\/span><\/span>. En el disc, Sara Correia transita per l\u2019amor i la r\u00e0bia, la saudade i la ruptura, la tendresa i la rebel\u00b7lia. En directe, aquestes emocions adquireixen cos, respiraci\u00f3 i una intensitat aclaparadora. <strong><em data-start=\"774\" data-end=\"786\">Tempestade<\/em> no \u00e9s nom\u00e9s un concert: \u00e9s una experi\u00e8ncia de for\u00e7a i pres\u00e8ncia. Un espectacle constru\u00eft sobre contrastos: tradici\u00f3 i modernitat, intimitat i grandesa, silenci i catarsi<\/strong>. Com canta a \u00abCanto\u00bb, \u00abcada dona \u00e9s mil dones\u00bb \u2014 i damunt l\u2019escenari, Sara les encarna totes.<\/p>\n<p data-start=\"1052\" data-end=\"1416\"><em data-start=\"1052\" data-end=\"1064\">Tempestade<\/em> marca l\u2019inici d\u2019una nova etapa ambiciosa, l\u2019estrena de la qual va tenir lloc <strong>al <span class=\"hover:entity-accent entity-underline inline cursor-pointer align-baseline\"><span class=\"whitespace-normal\">MEO Arena<\/span><\/span> de <span class=\"hover:entity-accent entity-underline inline cursor-pointer align-baseline\"><span class=\"whitespace-normal\">Lisboa<\/span><\/span> amb totes les entrades exhaurides (m\u00e9s de 15.000)<\/strong> \u2014 el recinte cobert m\u00e9s gran de <span class=\"hover:entity-accent entity-underline inline cursor-pointer align-baseline\"><span class=\"whitespace-normal\">Portugal<\/span><\/span> \u2014 assenyalant una de les fites m\u00e9s contundents de la seva carrera.<\/p>\n<p data-start=\"1418\" data-end=\"1661\">Sara Correia presenta ara el <strong data-start=\"1447\" data-end=\"1466\">Tempestade TOUR<\/strong>: una producci\u00f3 poderosa i profundament emocional. Un espectacle que no demana perm\u00eds. Que ocupa el seu lloc. I que <strong>confirma Sara Correia com una de les veus imprescindibles de la seva generaci\u00f3.<\/strong><\/p>\n<p>Sara Correia | veu<br \/>\nDiogo Clemente | viola de fado<br \/>\n\u00c2ngelo Freire | guitarra portuguesa<br \/>\nFrederico Gato | baix ac\u00fastic<br \/>\nJoel Silva | bateria<\/p>\n","protected":false},"featured_media":1741,"menu_order":3,"template":"","class_list":["post-781","banda","type-banda","status-publish","has-post-thumbnail","hentry"],"acf":[],"_links":{"self":[{"href":"https:\/\/escenapart.cat\/ca\/wp-json\/wp\/v2\/banda\/781","targetHints":{"allow":["GET"]}}],"collection":[{"href":"https:\/\/escenapart.cat\/ca\/wp-json\/wp\/v2\/banda"}],"about":[{"href":"https:\/\/escenapart.cat\/ca\/wp-json\/wp\/v2\/types\/banda"}],"wp:featuredmedia":[{"embeddable":true,"href":"https:\/\/escenapart.cat\/ca\/wp-json\/wp\/v2\/media\/1741"}],"wp:attachment":[{"href":"https:\/\/escenapart.cat\/ca\/wp-json\/wp\/v2\/media?parent=781"}],"curies":[{"name":"wp","href":"https:\/\/api.w.org\/{rel}","templated":true}]}}